{"id":16127,"date":"2023-06-21T20:47:54","date_gmt":"2023-06-22T00:47:54","guid":{"rendered":"https:\/\/staging.observatoireprevention.org\/?page_id=16127"},"modified":"2023-06-21T20:47:56","modified_gmt":"2023-06-22T00:47:56","slug":"medias","status":"publish","type":"page","link":"https:\/\/observatoireprevention.org\/en\/medias\/","title":{"rendered":"Medias"},"content":{"rendered":"\n<h1 class=\"wp-block-heading\">Medias<\/h1>\n\n\n<section class=\"wp-block-borealisaurora-aurora-custom-block-press-review\">\n                    <ul class=\"list-group list-group-flush\">\n                                            <li id=\"post-16648\" class=\"list-group-item mt-4 pb-4 post-16648 revue-de-presse type-revue-de-presse status-publish hentry types-de-media-radio\">\n                    <div>\n                        <div class=\"align-items-center d-flex mb-2\">\n                            <div class=\"badge me-2 p-2 text-bg-primary\">\n                                21 December 2023                            <\/div>\n                                                                                                                    <div>\n                                                                            <span class=\"me-1 ms-1\">Radio<\/span>                                                                    <\/div>\n                                                    <\/div>\n                        <a href=\"https:\/\/www.985fm.ca\/audio\/597560\/attention-a-votre-coeur-dans-les-prochaines-semaines\" target=\"_blank\" class=\"font-size-larger fw-bold\"><span>Attention \u00e0 votre coeur dans les prochaines semaines<\/span><\/a>\n                        <div class=\"small text-muted\">\n                            \n<p>Entrevue avec Patrick Lagac\u00e9 au 98.5 FM<\/p>\n                        <\/div>\n                                                    <div class=\"mt-3 small\">\n                                For more informations :                            <\/div>\n                            <div>\n                                <ul>\n                                                                            <li class=\"small\">\n                                            <a href=\"https:\/\/observatoireprevention.org\/2018\/11\/20\/la-grippe-ca-peut-etre-dangereux-pour-le-coeur\/\">La grippe, \u00e7a peut \u00eatre dangereux pour le c\u0153ur !<\/a>\n                                        <\/li>\n                                                                            <li class=\"small\">\n                                            <a href=\"https:\/\/observatoireprevention.org\/en\/2021\/11\/04\/influenza-vaccination-reduces-the-risk-of-premature-death-in-coronary-patients\/\">Influenza vaccination reduces the risk of premature death in coronary patients<\/a>\n                                        <\/li>\n                                                                            <li class=\"small\">\n                                            <a href=\"https:\/\/observatoireprevention.org\/en\/2023\/01\/30\/the-pros-and-cons-of-alcohol\/\">The pros and cons of alcohol<\/a>\n                                        <\/li>\n                                                                    <\/ul>\n                            <\/div>\n                                                                            <div>\n                                <div class=\"mt-1\">\n                                                                            <a href=\"https:\/\/observatoireprevention.org\/dossiers\/alimentation\/\" class=\"btn btn-outline-warning btn-sm me-2 mt-2\">Alimentation<\/a>\n                                                                            <a href=\"https:\/\/observatoireprevention.org\/dossiers\/alimentation\/alcool\/\" class=\"btn btn-outline-warning btn-sm me-2 mt-2\">Alcool<\/a>\n                                                                            <a href=\"https:\/\/observatoireprevention.org\/dossiers\/alimentation\/gras\/\" class=\"btn btn-outline-warning btn-sm me-2 mt-2\">Gras<\/a>\n                                                                            <a href=\"https:\/\/observatoireprevention.org\/dossiers\/alimentation\/regime-mediterraneen\/\" class=\"btn btn-outline-warning btn-sm me-2 mt-2\">R\u00e9gime m\u00e9diterran\u00e9en<\/a>\n                                                                            <a href=\"https:\/\/observatoireprevention.org\/dossiers\/maladie\/\" class=\"btn btn-outline-warning btn-sm me-2 mt-2\">Maladies cardiovasculaires<\/a>\n                                                                            <a href=\"https:\/\/observatoireprevention.org\/dossiers\/maladie\/accident-vasculaire-cerebral\/\" class=\"btn btn-outline-warning btn-sm me-2 mt-2\">Accident vasculaire c\u00e9r\u00e9bral<\/a>\n                                                                            <a href=\"https:\/\/observatoireprevention.org\/dossiers\/maladie\/infarctus\/\" class=\"btn btn-outline-warning btn-sm me-2 mt-2\">Infarctus<\/a>\n                                                                            <a href=\"https:\/\/observatoireprevention.org\/dossiers\/maladie\/insuffisance-cardiaque\/\" class=\"btn btn-outline-warning btn-sm me-2 mt-2\">Insuffisance cardiaque<\/a>\n                                                                    <\/div>\n                            <\/div>\n                                            <\/div>\n                <\/li>\n                                            <li id=\"post-16566\" class=\"list-group-item mt-4 pb-4 post-16566 revue-de-presse type-revue-de-presse status-publish hentry types-de-media-television\">\n                    <div>\n                        <div class=\"align-items-center d-flex mb-2\">\n                            <div class=\"badge me-2 p-2 text-bg-primary\">\n                                1 November 2023                            <\/div>\n                                                                                                                    <div>\n                                                                            <span class=\"me-1 ms-1\">T\u00e9l\u00e9vision<\/span>                                                                    <\/div>\n                                                    <\/div>\n                        <a href=\"https:\/\/ici.radio-canada.ca\/info\/videos\/1-8845702\/aromes-vapotage-interdits-entrevue-avec-dr-martin-juneau\" target=\"_blank\" class=\"font-size-larger fw-bold\"><span>Les ar\u00f4mes de vapotage interdits : entrevue avec le Dr Martin Juneau<\/span><\/a>\n                        <div class=\"small text-muted\">\n                            \n<p>Entrevue avec Patrice Roy au T\u00e9l\u00e9-Journal de Radio-Canada<\/p>\n                        <\/div>\n                                                    <div class=\"mt-3 small\">\n                                For more informations :                            <\/div>\n                            <div>\n                                <ul>\n                                                                            <li class=\"small\">\n                                            <a href=\"https:\/\/observatoireprevention.org\/en\/2021\/09\/27\/banning-flavoured-vaping-liquids-a-very-bad-idea\/\">Banning flavoured vaping liquids? A very bad idea.<\/a>\n                                        <\/li>\n                                                                            <li class=\"small\">\n                                            <a href=\"https:\/\/observatoireprevention.org\/en\/2020\/09\/18\/electronic-cigarettes-drastically-reduce-exposure-to-toxic-substances-from-tobacco\/\">Electronic cigarettes drastically reduce exposure to toxic substances from tobacco<\/a>\n                                        <\/li>\n                                                                            <li class=\"small\">\n                                            <a href=\"https:\/\/observatoireprevention.org\/en\/2019\/02\/12\/e-cigarettes-as-a-tool-to-reduce-smoking-related-harm\/\">The electronic cigarette, a good tool to quit smoking<\/a>\n                                        <\/li>\n                                                                    <\/ul>\n                            <\/div>\n                                                                            <div>\n                                <div class=\"mt-1\">\n                                                                            <a href=\"https:\/\/observatoireprevention.org\/dossiers\/tabagisme\/\" class=\"btn btn-outline-warning btn-sm me-2 mt-2\">Tabagisme<\/a>\n                                                                            <a href=\"https:\/\/observatoireprevention.org\/dossiers\/tabagisme\/cigarette-electronique\/\" class=\"btn btn-outline-warning btn-sm me-2 mt-2\">Cigarette \u00e9lectronique<\/a>\n                                                                    <\/div>\n                            <\/div>\n                                            <\/div>\n                <\/li>\n                                            <li id=\"post-16484\" class=\"list-group-item mt-4 pb-4 post-16484 revue-de-presse type-revue-de-presse status-publish hentry types-de-media-internet\">\n                    <div>\n                        <div class=\"align-items-center d-flex mb-2\">\n                            <div class=\"badge me-2 p-2 text-bg-primary\">\n                                26 September 2023                            <\/div>\n                                                                                                                    <div>\n                                                                            <span class=\"me-1 ms-1\">Internet<\/span>                                                                    <\/div>\n                                                    <\/div>\n                        <a href=\"https:\/\/montougo.ca\/prevenir\/maladies-cardiovasculaires\/bien-dormir-pour-la-sante-de-notre-coeur\/\" target=\"_blank\" class=\"font-size-larger fw-bold\"><span>Bien dormir pour la sant\u00e9 de notre c\u0153ur!<\/span><\/a>\n                        <div class=\"small text-muted\">\n                            \n<p>Publication sur TOUGO<\/p>\n                        <\/div>\n                                                    <div class=\"mt-3 small\">\n                                For more informations :                            <\/div>\n                            <div>\n                                <ul>\n                                                                            <li class=\"small\">\n                                            <a href=\"https:\/\/observatoireprevention.org\/2017\/06\/27\/sommeil-sante-cardiovasculaire\/\">Le sommeil et la sant\u00e9 cardiovasculaire<\/a>\n                                        <\/li>\n                                                                            <li class=\"small\">\n                                            <a href=\"https:\/\/observatoireprevention.org\/en\/2023\/09\/15\/noise-a-little-known-risk-factor-for-cardiovascular-disease\/\">Noise, a little-known risk factor for cardiovascular disease<\/a>\n                                        <\/li>\n                                                                    <\/ul>\n                            <\/div>\n                                                                            <div>\n                                <div class=\"mt-1\">\n                                                                            <a href=\"https:\/\/observatoireprevention.org\/dossiers\/facteurs-de-risque\/diabete\/\" class=\"btn btn-outline-warning btn-sm me-2 mt-2\">Diab\u00e8te<\/a>\n                                                                            <a href=\"https:\/\/observatoireprevention.org\/dossiers\/facteurs-de-risque\/hypertension\/\" class=\"btn btn-outline-warning btn-sm me-2 mt-2\">Hypertension<\/a>\n                                                                            <a href=\"https:\/\/observatoireprevention.org\/dossiers\/maladie\/\" class=\"btn btn-outline-warning btn-sm me-2 mt-2\">Maladies cardiovasculaires<\/a>\n                                                                            <a href=\"https:\/\/observatoireprevention.org\/dossiers\/maladie\/declin-cognitif\/\" class=\"btn btn-outline-warning btn-sm me-2 mt-2\">D\u00e9clin cognitif<\/a>\n                                                                            <a href=\"https:\/\/observatoireprevention.org\/dossiers\/sommeil\/\" class=\"btn btn-outline-warning btn-sm me-2 mt-2\">Sommeil<\/a>\n                                                                    <\/div>\n                            <\/div>\n                                            <\/div>\n                <\/li>\n                                            <li id=\"post-16493\" class=\"list-group-item mt-4 pb-4 post-16493 revue-de-presse type-revue-de-presse status-publish hentry types-de-media-internet\">\n                    <div>\n                        <div class=\"align-items-center d-flex mb-2\">\n                            <div class=\"badge me-2 p-2 text-bg-primary\">\n                                18 September 2023                            <\/div>\n                                                                                                                    <div>\n                                                                            <span class=\"me-1 ms-1\">Internet<\/span>                                                                    <\/div>\n                                                    <\/div>\n                        <a href=\"https:\/\/lucilab.ca\/episode\/ep-06-coeur-et-cerveau\/\" target=\"_blank\" class=\"font-size-larger fw-bold\"><span>C\u0153ur et cerveau<\/span><\/a>\n                        <div class=\"small text-muted\">\n                            \n<p>Balado avec Sylvie Bernier<\/p>\n                        <\/div>\n                                                                    <\/div>\n                <\/li>\n                                            <li id=\"post-16492\" class=\"list-group-item mt-4 pb-4 post-16492 revue-de-presse type-revue-de-presse status-publish hentry types-de-media-television\">\n                    <div>\n                        <div class=\"align-items-center d-flex mb-2\">\n                            <div class=\"badge me-2 p-2 text-bg-primary\">\n                                10 September 2023                            <\/div>\n                                                                                                                    <div>\n                                                                            <span class=\"me-1 ms-1\">T\u00e9l\u00e9vision<\/span>                                                                    <\/div>\n                                                    <\/div>\n                        <a href=\"https:\/\/ici.radio-canada.ca\/tele\/decouverte\/site\/segments\/reportage\/454915\/vin-coeur-consommation-alcool-sante\" target=\"_blank\" class=\"font-size-larger fw-bold\"><span>Ivresse et controverses<\/span><\/a>\n                        <div class=\"small text-muted\">\n                            \n<p>Entrevue \u00e0 l&#8217;\u00e9mission &#8220;D\u00e9couverte&#8221;, Radio-Canada<\/p>\n                        <\/div>\n                                                    <div class=\"mt-3 small\">\n                                For more informations :                            <\/div>\n                            <div>\n                                <ul>\n                                                                            <li class=\"small\">\n                                            <a href=\"https:\/\/observatoireprevention.org\/en\/2023\/01\/30\/the-pros-and-cons-of-alcohol\/\">The pros and cons of alcohol<\/a>\n                                        <\/li>\n                                                                            <li class=\"small\">\n                                            <a href=\"https:\/\/observatoireprevention.org\/en\/2023\/08\/08\/reducing-chronic-stress-contributes-to-the-positive-effects-of-moderate-alcohol-consumption-on-the-risk-of-cardiovascular-disease\/\">Reducing chronic stress contributes to the positive effects of moderate alcohol consumption on the risk of cardiovascular disease<\/a>\n                                        <\/li>\n                                                                    <\/ul>\n                            <\/div>\n                                                                            <div>\n                                <div class=\"mt-1\">\n                                                                            <a href=\"https:\/\/observatoireprevention.org\/dossiers\/alimentation\/alcool\/\" class=\"btn btn-outline-warning btn-sm me-2 mt-2\">Alcool<\/a>\n                                                                            <a href=\"https:\/\/observatoireprevention.org\/dossiers\/maladie\/\" class=\"btn btn-outline-warning btn-sm me-2 mt-2\">Maladies cardiovasculaires<\/a>\n                                                                            <a href=\"https:\/\/observatoireprevention.org\/dossiers\/maladie\/infarctus\/\" class=\"btn btn-outline-warning btn-sm me-2 mt-2\">Infarctus<\/a>\n                                                                    <\/div>\n                            <\/div>\n                                            <\/div>\n                <\/li>\n                                            <li id=\"post-16494\" class=\"list-group-item mt-4 pb-4 post-16494 revue-de-presse type-revue-de-presse status-publish hentry types-de-media-internet\">\n                    <div>\n                        <div class=\"align-items-center d-flex mb-2\">\n                            <div class=\"badge me-2 p-2 text-bg-primary\">\n                                1 July 2023                            <\/div>\n                                                                                                                    <div>\n                                                                            <span class=\"me-1 ms-1\">Internet<\/span>                                                                    <\/div>\n                                                    <\/div>\n                        <a href=\"https:\/\/lemedecinduquebec.org\/archives\/2023\/7\/esperance-de-vie-en-bonne-sante-le-pouvoir-des-bonnes-habitudes-de-vie\/\" target=\"_blank\" class=\"font-size-larger fw-bold\"><span>Esp\u00e9rance de vie en bonne sant\u00e9: LE POUVOIR DES BONNES HABITUDES DE VIE<\/span><\/a>\n                        <div class=\"small text-muted\">\n                            \n<p>\u00c9lyanthe Nord, Le M\u00e9decin du Qu\u00e9bec<\/p>\n                        <\/div>\n                                                    <div class=\"mt-3 small\">\n                                For more informations :                            <\/div>\n                            <div>\n                                <ul>\n                                                                            <li class=\"small\">\n                                            <a href=\"https:\/\/observatoireprevention.org\/en\/2023\/06\/14\/lifestyle-habits-are-the-key-to-improving-healthy-life-expectancy\/\">Lifestyle habits are the key to improving healthy life expectancy<\/a>\n                                        <\/li>\n                                                                    <\/ul>\n                            <\/div>\n                                                                            <div>\n                                <div class=\"mt-1\">\n                                                                            <a href=\"https:\/\/observatoireprevention.org\/dossiers\/facteurs-de-risque\/\" class=\"btn btn-outline-warning btn-sm me-2 mt-2\">Facteurs de risque<\/a>\n                                                                            <a href=\"https:\/\/observatoireprevention.org\/dossiers\/vieillissement\/\" class=\"btn btn-outline-warning btn-sm me-2 mt-2\">Vieillissement<\/a>\n                                                                    <\/div>\n                            <\/div>\n                                            <\/div>\n                <\/li>\n                                            <li id=\"post-16495\" class=\"list-group-item mt-4 pb-4 post-16495 revue-de-presse type-revue-de-presse status-publish hentry types-de-media-television\">\n                    <div>\n                        <div class=\"align-items-center d-flex mb-2\">\n                            <div class=\"badge me-2 p-2 text-bg-primary\">\n                                22 June 2023                            <\/div>\n                                                                                                                    <div>\n                                                                            <span class=\"me-1 ms-1\">T\u00e9l\u00e9vision<\/span>                                                                    <\/div>\n                                                    <\/div>\n                        <a href=\"https:\/\/ici.radio-canada.ca\/info\/en-direct\/1010199\/evacuation-lebel-sur-quevillon-feux-foret\" target=\"_blank\" class=\"font-size-larger fw-bold\"><span>Feux de for\u00eat\u00a0: la pluie redonne un peu d\u2019espoir dans le nord du Qu\u00e9bec<\/span><\/a>\n                        <div class=\"small text-muted\">\n                            \n<p>Entrevue \u00e0 ICI RDI<\/p>\n                        <\/div>\n                                                    <div class=\"mt-3 small\">\n                                For more informations :                            <\/div>\n                            <div>\n                                <ul>\n                                                                            <li class=\"small\">\n                                            <a href=\"https:\/\/observatoireprevention.org\/en\/2021\/08\/31\/the-impact-of-forest-fires-on-human-health\/\">The impact of forest fires on human health<\/a>\n                                        <\/li>\n                                                                    <\/ul>\n                            <\/div>\n                                                                            <div>\n                                <div class=\"mt-1\">\n                                                                            <a href=\"https:\/\/observatoireprevention.org\/dossiers\/environnement\/changements-climatiques\/\" class=\"btn btn-outline-warning btn-sm me-2 mt-2\">Changements climatiques<\/a>\n                                                                            <a href=\"https:\/\/observatoireprevention.org\/dossiers\/environnement\/pollution\/\" class=\"btn btn-outline-warning btn-sm me-2 mt-2\">Pollution<\/a>\n                                                                    <\/div>\n                            <\/div>\n                                            <\/div>\n                <\/li>\n                                            <li id=\"post-16496\" class=\"list-group-item mt-4 pb-4 post-16496 revue-de-presse type-revue-de-presse status-publish hentry types-de-media-radio\">\n                    <div>\n                        <div class=\"align-items-center d-flex mb-2\">\n                            <div class=\"badge me-2 p-2 text-bg-primary\">\n                                9 June 2023                            <\/div>\n                                                                                                                    <div>\n                                                                            <span class=\"me-1 ms-1\">Radio<\/span>                                                                    <\/div>\n                                                    <\/div>\n                        <a href=\"\" target=\"_blank\" class=\"font-size-larger fw-bold\"><span>La taurine peut-elle prolonger l\u2019esp\u00e9rance de vie?<\/span><\/a>\n                        <div class=\"small text-muted\">\n                            \n<p>Entrevue avec Patrick Masbourian \u00e0 l\u2019\u00e9mission \u00ab&nbsp;Tout un matin \u00bb, Radio-Canada&nbsp;<\/p>\n                        <\/div>\n                                                    <div class=\"mt-3 small\">\n                                For more informations :                            <\/div>\n                            <div>\n                                <ul>\n                                                                            <li class=\"small\">\n                                            <a href=\"https:\/\/observatoireprevention.org\/en\/2022\/05\/12\/anti-aging-supplements-a-new-fountain-of-youth\/\">Anti-aging supplements: A new fountain of youth?<\/a>\n                                        <\/li>\n                                                                    <\/ul>\n                            <\/div>\n                                                                            <div>\n                                <div class=\"mt-1\">\n                                                                            <a href=\"https:\/\/observatoireprevention.org\/dossiers\/alimentation\/\" class=\"btn btn-outline-warning btn-sm me-2 mt-2\">Alimentation<\/a>\n                                                                            <a href=\"https:\/\/observatoireprevention.org\/dossiers\/vieillissement\/\" class=\"btn btn-outline-warning btn-sm me-2 mt-2\">Vieillissement<\/a>\n                                                                    <\/div>\n                            <\/div>\n                                            <\/div>\n                <\/li>\n                                            <li id=\"post-16497\" class=\"list-group-item mt-4 pb-4 post-16497 revue-de-presse type-revue-de-presse status-publish hentry types-de-media-television\">\n                    <div>\n                        <div class=\"align-items-center d-flex mb-2\">\n                            <div class=\"badge me-2 p-2 text-bg-primary\">\n                                9 June 2023                            <\/div>\n                                                                                                                    <div>\n                                                                            <span class=\"me-1 ms-1\">T\u00e9l\u00e9vision<\/span>                                                                    <\/div>\n                                                    <\/div>\n                        <a href=\"https:\/\/www.tvanouvelles.ca\/2023\/06\/09\/la-taurine-nouvel-elixir-de-jeunesse\" target=\"_blank\" class=\"font-size-larger fw-bold\"><span>La taurine: nouvel \u00e9lixir de jeunesse?<\/span><\/a>\n                        <div class=\"small text-muted\">\n                            \n<p>Entrevue avec Marie-Anne Lapierre, TVA Nouvelles<\/p>\n                        <\/div>\n                                                    <div class=\"mt-3 small\">\n                                For more informations :                            <\/div>\n                            <div>\n                                <ul>\n                                                                            <li class=\"small\">\n                                            <a href=\"https:\/\/observatoireprevention.org\/en\/2022\/05\/12\/anti-aging-supplements-a-new-fountain-of-youth\/\">Anti-aging supplements: A new fountain of youth?<\/a>\n                                        <\/li>\n                                                                    <\/ul>\n                            <\/div>\n                                                                            <div>\n                                <div class=\"mt-1\">\n                                                                            <a href=\"https:\/\/observatoireprevention.org\/dossiers\/alimentation\/\" class=\"btn btn-outline-warning btn-sm me-2 mt-2\">Alimentation<\/a>\n                                                                            <a href=\"https:\/\/observatoireprevention.org\/dossiers\/vieillissement\/\" class=\"btn btn-outline-warning btn-sm me-2 mt-2\">Vieillissement<\/a>\n                                                                    <\/div>\n                            <\/div>\n                                            <\/div>\n                <\/li>\n                                            <li id=\"post-16498\" class=\"list-group-item mt-4 pb-4 post-16498 revue-de-presse type-revue-de-presse status-publish hentry types-de-media-internet\">\n                    <div>\n                        <div class=\"align-items-center d-flex mb-2\">\n                            <div class=\"badge me-2 p-2 text-bg-primary\">\n                                9 June 2023                            <\/div>\n                                                                                                                    <div>\n                                                                            <span class=\"me-1 ms-1\">Internet<\/span>                                                                    <\/div>\n                                                    <\/div>\n                        <a href=\"https:\/\/ici.radio-canada.ca\/nouvelle\/1986590\/taurine-veillissement-etude-longevite\" target=\"_blank\" class=\"font-size-larger fw-bold\"><span>La taurine ralentit-elle le vieillissement? Des b\u00e9mols<\/span><\/a>\n                        <div class=\"small text-muted\">\n                            \n<p>Alain Labelle, Radio-Canada<\/p>\n                        <\/div>\n                                                    <div class=\"mt-3 small\">\n                                For more informations :                            <\/div>\n                            <div>\n                                <ul>\n                                                                            <li class=\"small\">\n                                            <a href=\"https:\/\/observatoireprevention.org\/en\/2022\/05\/12\/anti-aging-supplements-a-new-fountain-of-youth\/\">Anti-aging supplements: A new fountain of youth?<\/a>\n                                        <\/li>\n                                                                    <\/ul>\n                            <\/div>\n                                                                            <div>\n                                <div class=\"mt-1\">\n                                                                            <a href=\"https:\/\/observatoireprevention.org\/dossiers\/alimentation\/\" class=\"btn btn-outline-warning btn-sm me-2 mt-2\">Alimentation<\/a>\n                                                                            <a href=\"https:\/\/observatoireprevention.org\/dossiers\/vieillissement\/\" class=\"btn btn-outline-warning btn-sm me-2 mt-2\">Vieillissement<\/a>\n                                                                    <\/div>\n                            <\/div>\n                                            <\/div>\n                <\/li>\n                                            <li id=\"post-16488\" class=\"list-group-item mt-4 pb-4 post-16488 revue-de-presse type-revue-de-presse status-publish hentry types-de-media-presse-ecrite\">\n                    <div>\n                        <div class=\"align-items-center d-flex mb-2\">\n                            <div class=\"badge me-2 p-2 text-bg-primary\">\n                                8 June 2023                            <\/div>\n                                                                                                                    <div>\n                                                                            <span class=\"me-1 ms-1\">Presse \u00e9crite<\/span>                                                                    <\/div>\n                                                    <\/div>\n                        <a href=\"https:\/\/www.lapresse.ca\/actualites\/sciences\/2023-06-08\/etude-sur-la-taurine\/un-futur-elixir-de-jeunesse.php?utm_campaign=internal+share&#038;utm_content=email&#038;utm_medium=referral&#038;utm_source=lpp&#038;redirectedFrom=https%25253A%25252F%25252Fplus.lapresse.ca%25252Fscreens%25252F8d5063be-a6a4-4aed-ad4a-e13c51b0723e__7C___0.html\" target=\"_blank\" class=\"font-size-larger fw-bold\"><span>\u00c9tude sur la taurine:  Un futur \u00e9lixir de jeunesse\u00a0?<\/span><\/a>\n                        <div class=\"small text-muted\">\n                            \n<p>Mathieu Perreault, La Presse<\/p>\n                        <\/div>\n                                                    <div class=\"mt-3 small\">\n                                For more informations :                            <\/div>\n                            <div>\n                                <ul>\n                                                                            <li class=\"small\">\n                                            <a href=\"https:\/\/observatoireprevention.org\/en\/2022\/05\/12\/anti-aging-supplements-a-new-fountain-of-youth\/\">Anti-aging supplements: A new fountain of youth?<\/a>\n                                        <\/li>\n                                                                    <\/ul>\n                            <\/div>\n                                                                            <div>\n                                <div class=\"mt-1\">\n                                                                            <a href=\"https:\/\/observatoireprevention.org\/dossiers\/alimentation\/\" class=\"btn btn-outline-warning btn-sm me-2 mt-2\">Alimentation<\/a>\n                                                                            <a href=\"https:\/\/observatoireprevention.org\/dossiers\/vieillissement\/\" class=\"btn btn-outline-warning btn-sm me-2 mt-2\">Vieillissement<\/a>\n                                                                    <\/div>\n                            <\/div>\n                                            <\/div>\n                <\/li>\n                                            <li id=\"post-16489\" class=\"list-group-item mt-4 pb-4 post-16489 revue-de-presse type-revue-de-presse status-publish hentry types-de-media-presse-ecrite\">\n                    <div>\n                        <div class=\"align-items-center d-flex mb-2\">\n                            <div class=\"badge me-2 p-2 text-bg-primary\">\n                                8 June 2023                            <\/div>\n                                                                                                                    <div>\n                                                                            <span class=\"me-1 ms-1\">Presse \u00e9crite<\/span>                                                                    <\/div>\n                                                    <\/div>\n                        <a href=\"https:\/\/www.ledevoir.com\/societe\/science\/792594\/la-taurine-joue-un-role-dans-le-vieillissement?\" target=\"_blank\" class=\"font-size-larger fw-bold\"><span>La taurine appuie sur la p\u00e9dale de frein du vieillissement<\/span><\/a>\n                        <div class=\"small text-muted\">\n                            \n<p>Alexis Riopel, Le Devoir<\/p>\n                        <\/div>\n                                                    <div class=\"mt-3 small\">\n                                For more informations :                            <\/div>\n                            <div>\n                                <ul>\n                                                                            <li class=\"small\">\n                                            <a href=\"https:\/\/observatoireprevention.org\/en\/2022\/05\/12\/anti-aging-supplements-a-new-fountain-of-youth\/\">Anti-aging supplements: A new fountain of youth?<\/a>\n                                        <\/li>\n                                                                    <\/ul>\n                            <\/div>\n                                                                            <div>\n                                <div class=\"mt-1\">\n                                                                            <a href=\"https:\/\/observatoireprevention.org\/dossiers\/alimentation\/\" class=\"btn btn-outline-warning btn-sm me-2 mt-2\">Alimentation<\/a>\n                                                                            <a href=\"https:\/\/observatoireprevention.org\/dossiers\/vieillissement\/\" class=\"btn btn-outline-warning btn-sm me-2 mt-2\">Vieillissement<\/a>\n                                                                    <\/div>\n                            <\/div>\n                                            <\/div>\n                <\/li>\n                                            <li id=\"post-16490\" class=\"list-group-item mt-4 pb-4 post-16490 revue-de-presse type-revue-de-presse status-publish hentry types-de-media-presse-ecrite\">\n                    <div>\n                        <div class=\"align-items-center d-flex mb-2\">\n                            <div class=\"badge me-2 p-2 text-bg-primary\">\n                                4 June 2023                            <\/div>\n                                                                                                                    <div>\n                                                                            <span class=\"me-1 ms-1\">Presse \u00e9crite<\/span>                                                                    <\/div>\n                                                    <\/div>\n                        <a href=\"https:\/\/www.lapresse.ca\/actualites\/sciences\/2023-06-04\/place-aux-lecteurs\/demystifier-la-science.php#\" target=\"_blank\" class=\"font-size-larger fw-bold\"><span>D\u00e9mystifier la science: Est-ce que le je\u00fbne intermittent est bon pour la sant\u00e9\u00a0?\u00a0<\/span><\/a>\n                        <div class=\"small text-muted\">\n                            \n<p>Mathieu Perreault, La Presse<\/p>\n                        <\/div>\n                                                    <div class=\"mt-3 small\">\n                                For more informations :                            <\/div>\n                            <div>\n                                <ul>\n                                                                            <li class=\"small\">\n                                            <a href=\"https:\/\/observatoireprevention.org\/en\/2020\/09\/15\/time-restricted-feeding-a-tool-to-lose-weight-and-improve-cardiometabolic-health\/\">Time-restricted feeding: A tool to lose weight and improve cardiometabolic health<\/a>\n                                        <\/li>\n                                                                            <li class=\"small\">\n                                            <a href=\"https:\/\/observatoireprevention.org\/en\/2022\/08\/12\/time-restricted-eating-a-promising-approach-for-chronic-disease-prevention\/\">Time-restricted eating, a promising approach for chronic disease prevention<\/a>\n                                        <\/li>\n                                                                    <\/ul>\n                            <\/div>\n                                                                            <div>\n                                <div class=\"mt-1\">\n                                                                            <a href=\"https:\/\/observatoireprevention.org\/dossiers\/alimentation\/\" class=\"btn btn-outline-warning btn-sm me-2 mt-2\">Alimentation<\/a>\n                                                                            <a href=\"https:\/\/observatoireprevention.org\/dossiers\/alimentation\/jeune-alimentation\/\" class=\"btn btn-outline-warning btn-sm me-2 mt-2\">Je\u00fbne<\/a>\n                                                                            <a href=\"https:\/\/observatoireprevention.org\/dossiers\/alimentation\/restriction-calorique\/\" class=\"btn btn-outline-warning btn-sm me-2 mt-2\">Restriction calorique<\/a>\n                                                                    <\/div>\n                            <\/div>\n                                            <\/div>\n                <\/li>\n                                            <li id=\"post-16499\" class=\"list-group-item mt-4 pb-4 post-16499 revue-de-presse type-revue-de-presse status-publish hentry types-de-media-television\">\n                    <div>\n                        <div class=\"align-items-center d-flex mb-2\">\n                            <div class=\"badge me-2 p-2 text-bg-primary\">\n                                31 May 2023                            <\/div>\n                                                                                                                    <div>\n                                                                            <span class=\"me-1 ms-1\">T\u00e9l\u00e9vision<\/span>                                                                    <\/div>\n                                                    <\/div>\n                        <a href=\"https:\/\/www.tvanouvelles.ca\/videos\/6328562809112\" target=\"_blank\" class=\"font-size-larger fw-bold\"><span>Au Canada seulement, les cigarettes individuelles porteront bient\u00f4t un avertissement<\/span><\/a>\n                        <div class=\"small text-muted\">\n                            \n<p>Entrevue \u00e0 LCN<\/p>\n                        <\/div>\n                                                                            <div>\n                                <div class=\"mt-1\">\n                                                                            <a href=\"https:\/\/observatoireprevention.org\/dossiers\/tabagisme\/\" class=\"btn btn-outline-warning btn-sm me-2 mt-2\">Tabagisme<\/a>\n                                                                    <\/div>\n                            <\/div>\n                                            <\/div>\n                <\/li>\n                                            <li id=\"post-16014\" class=\"list-group-item mt-4 pb-4 post-16014 revue-de-presse type-revue-de-presse status-publish hentry types-de-media-radio\">\n                    <div>\n                        <div class=\"align-items-center d-flex mb-2\">\n                            <div class=\"badge me-2 p-2 text-bg-primary\">\n                                28 April 2023                            <\/div>\n                                                                                                                    <div>\n                                                                            <span class=\"me-1 ms-1\">Radio<\/span>                                                                    <\/div>\n                                                    <\/div>\n                        <a href=\"https:\/\/radiox.com\/le-cardiologue-martin-juneau-nous-explique-comment-garder-son-coeur-en-sante\/\" target=\"_blank\" class=\"font-size-larger fw-bold\"><span>Le cardiologue Martin Juneau nous explique comment garder son c\u0153ur en sant\u00e9.<\/span><\/a>\n                        <div class=\"small text-muted\">\n                            \n<p>Entrevue \u00e0 CHOI 98,1<\/p>\n                        <\/div>\n                                                                    <\/div>\n                <\/li>\n                                            <li id=\"post-16015\" class=\"list-group-item mt-4 pb-4 post-16015 revue-de-presse type-revue-de-presse status-publish hentry types-de-media-television\">\n                    <div>\n                        <div class=\"align-items-center d-flex mb-2\">\n                            <div class=\"badge me-2 p-2 text-bg-primary\">\n                                25 April 2023                            <\/div>\n                                                                                                                    <div>\n                                                                            <span class=\"me-1 ms-1\">T\u00e9l\u00e9vision<\/span>                                                                    <\/div>\n                                                    <\/div>\n                        <a href=\"https:\/\/ici.radio-canada.ca\/tele\/le-telejournal-avec-celine-galipeau\/site\/episodes\/721363\/episode-du-25-avril-2023?isautoplay=25\" target=\"_blank\" class=\"font-size-larger fw-bold\"><span>Rester jeune, pour la vie ?<\/span><\/a>\n                        <div class=\"small text-muted\">\n                            \n<p>Entrevue avec C\u00e9line Galipeau au T\u00e9l\u00e9journal de Radio-Canada (apr\u00e8s le reportage \u00e0 la 25i\u00e8me minutes).<\/p>\n                        <\/div>\n                                                    <div class=\"mt-3 small\">\n                                For more informations :                            <\/div>\n                            <div>\n                                <ul>\n                                                                            <li class=\"small\">\n                                            <a href=\"https:\/\/observatoireprevention.org\/en\/2022\/05\/12\/anti-aging-supplements-a-new-fountain-of-youth\/\">Anti-aging supplements: A new fountain of youth?<\/a>\n                                        <\/li>\n                                                                    <\/ul>\n                            <\/div>\n                                                                            <div>\n                                <div class=\"mt-1\">\n                                                                            <a href=\"https:\/\/observatoireprevention.org\/dossiers\/alimentation\/\" class=\"btn btn-outline-warning btn-sm me-2 mt-2\">Alimentation<\/a>\n                                                                            <a href=\"https:\/\/observatoireprevention.org\/dossiers\/vieillissement\/\" class=\"btn btn-outline-warning btn-sm me-2 mt-2\">Vieillissement<\/a>\n                                                                    <\/div>\n                            <\/div>\n                                            <\/div>\n                <\/li>\n                                            <li id=\"post-16094\" class=\"list-group-item mt-4 pb-4 post-16094 revue-de-presse type-revue-de-presse status-publish hentry types-de-media-presse-ecrite\">\n                    <div>\n                        <div class=\"align-items-center d-flex mb-2\">\n                            <div class=\"badge me-2 p-2 text-bg-primary\">\n                                24 April 2023                            <\/div>\n                                                                                                                    <div>\n                                                                            <span class=\"me-1 ms-1\">Presse \u00e9crite<\/span>                                                                    <\/div>\n                                                    <\/div>\n                        <a href=\"https:\/\/www.lapresse.ca\/actualites\/environnement\/2023-04-24\/planete-bleue-idees-vertes\/le-podium-du-transport-a-velo.php\" target=\"_blank\" class=\"font-size-larger fw-bold\"><span>Plan\u00e8te bleue, id\u00e9es vertes: \u00a0Le podium du transport \u00e0 v\u00e9lo.<\/span><\/a>\n                        <div class=\"small text-muted\">\n                            \n<p>Sara Champagne, La Presse.<\/p>\n                        <\/div>\n                                                    <div class=\"mt-3 small\">\n                                For more informations :                            <\/div>\n                            <div>\n                                <ul>\n                                                                            <li class=\"small\">\n                                            <a href=\"https:\/\/observatoireprevention.org\/en\/2021\/11\/02\/cycling-a-particularly-beneficial-exercise-for-the-health-of-diabetics\/\">Cycling: A particularly beneficial exercise for the health of diabetics<\/a>\n                                        <\/li>\n                                                                    <\/ul>\n                            <\/div>\n                                                                            <div>\n                                <div class=\"mt-1\">\n                                                                            <a href=\"https:\/\/observatoireprevention.org\/dossiers\/exercice-physique\/\" class=\"btn btn-outline-warning btn-sm me-2 mt-2\">Exercice physique<\/a>\n                                                                            <a href=\"https:\/\/observatoireprevention.org\/dossiers\/maladie\/\" class=\"btn btn-outline-warning btn-sm me-2 mt-2\">Maladies cardiovasculaires<\/a>\n                                                                    <\/div>\n                            <\/div>\n                                            <\/div>\n                <\/li>\n                                            <li id=\"post-16016\" class=\"list-group-item mt-4 pb-4 post-16016 revue-de-presse type-revue-de-presse status-publish hentry types-de-media-television\">\n                    <div>\n                        <div class=\"align-items-center d-flex mb-2\">\n                            <div class=\"badge me-2 p-2 text-bg-primary\">\n                                19 April 2023                            <\/div>\n                                                                                                                    <div>\n                                                                            <span class=\"me-1 ms-1\">T\u00e9l\u00e9vision<\/span>                                                                    <\/div>\n                                                    <\/div>\n                        <a href=\"https:\/\/www.noovo.info\/chronique\/interdire-toutes-les-saveurs-de-vapoteuse-nest-pas-la-solution-croit-un-medecin.html\" target=\"_blank\" class=\"font-size-larger fw-bold\"><span>Interdire toutes les saveurs de vapoteuse n\u2019est pas la solution, selon un m\u00e9decin.<\/span><\/a>\n                        <div class=\"small text-muted\">\n                            \n<p>Entrevue avec Marie-Christine Bergeron au bulletin de nouvelles Noovo Le Fil 17.<\/p>\n                        <\/div>\n                                                    <div class=\"mt-3 small\">\n                                For more informations :                            <\/div>\n                            <div>\n                                <ul>\n                                                                            <li class=\"small\">\n                                            <a href=\"https:\/\/observatoireprevention.org\/en\/2021\/09\/27\/banning-flavoured-vaping-liquids-a-very-bad-idea\/\">Banning flavoured vaping liquids? A very bad idea.<\/a>\n                                        <\/li>\n                                                                    <\/ul>\n                            <\/div>\n                                                                            <div>\n                                <div class=\"mt-1\">\n                                                                            <a href=\"https:\/\/observatoireprevention.org\/dossiers\/tabagisme\/\" class=\"btn btn-outline-warning btn-sm me-2 mt-2\">Tabagisme<\/a>\n                                                                            <a href=\"https:\/\/observatoireprevention.org\/dossiers\/tabagisme\/cigarette-electronique\/\" class=\"btn btn-outline-warning btn-sm me-2 mt-2\">Cigarette \u00e9lectronique<\/a>\n                                                                    <\/div>\n                            <\/div>\n                                            <\/div>\n                <\/li>\n                                            <li id=\"post-16036\" class=\"list-group-item mt-4 pb-4 post-16036 revue-de-presse type-revue-de-presse status-publish hentry types-de-media-radio\">\n                    <div>\n                        <div class=\"align-items-center d-flex mb-2\">\n                            <div class=\"badge me-2 p-2 text-bg-primary\">\n                                19 April 2023                            <\/div>\n                                                                                                                    <div>\n                                                                            <span class=\"me-1 ms-1\">Radio<\/span>                                                                    <\/div>\n                                                    <\/div>\n                        <a href=\"https:\/\/ici.radio-canada.ca\/ohdio\/premiere\/emissions\/le-15-18\/episodes\/706050\/rattrapage-mercredi-19-avril-2023\/5\" target=\"_blank\" class=\"font-size-larger fw-bold\"><span>Vers l\u2019interdiction des saveurs de vapotage: Martin Juneau, cardiologue.<\/span><\/a>\n                        <div class=\"small text-muted\">\n                            \n<p>Entrevue avec Annie Desrochers \u00e0 l\u2019\u00e9mission le 15-18 de Radio-Canada Ici Premi\u00e8re.<\/p>\n                        <\/div>\n                                                    <div class=\"mt-3 small\">\n                                For more informations :                            <\/div>\n                            <div>\n                                <ul>\n                                                                            <li class=\"small\">\n                                            <a href=\"https:\/\/observatoireprevention.org\/en\/2021\/09\/27\/banning-flavoured-vaping-liquids-a-very-bad-idea\/\">Banning flavoured vaping liquids? A very bad idea.<\/a>\n                                        <\/li>\n                                                                    <\/ul>\n                            <\/div>\n                                                                            <div>\n                                <div class=\"mt-1\">\n                                                                            <a href=\"https:\/\/observatoireprevention.org\/dossiers\/tabagisme\/\" class=\"btn btn-outline-warning btn-sm me-2 mt-2\">Tabagisme<\/a>\n                                                                            <a href=\"https:\/\/observatoireprevention.org\/dossiers\/tabagisme\/cigarette-electronique\/\" class=\"btn btn-outline-warning btn-sm me-2 mt-2\">Cigarette \u00e9lectronique<\/a>\n                                                                    <\/div>\n                            <\/div>\n                                            <\/div>\n                <\/li>\n                                            <li id=\"post-16037\" class=\"list-group-item mt-4 pb-4 post-16037 revue-de-presse type-revue-de-presse status-publish hentry types-de-media-television\">\n                    <div>\n                        <div class=\"align-items-center d-flex mb-2\">\n                            <div class=\"badge me-2 p-2 text-bg-primary\">\n                                14 April 2023                            <\/div>\n                                                                                                                    <div>\n                                                                            <span class=\"me-1 ms-1\">T\u00e9l\u00e9vision<\/span>                                                                    <\/div>\n                                                    <\/div>\n                        <a href=\"https:\/\/www.tvanouvelles.ca\/2023\/04\/14\/jeune-intermittent-voici-pourquoi-cette-pratique-est-de-plus-en-plus-populaire\" target=\"_blank\" class=\"font-size-larger fw-bold\"><span>Le je\u00fbne intermittent n\u2019est pas pour tout le monde.<\/span><\/a>\n                        <div class=\"small text-muted\">\n                            \n<p>Entrevue \u00e0 TVA Nouvelles.<\/p>\n                        <\/div>\n                                                    <div class=\"mt-3 small\">\n                                For more informations :                            <\/div>\n                            <div>\n                                <ul>\n                                                                            <li class=\"small\">\n                                            <a href=\"https:\/\/observatoireprevention.org\/en\/2020\/09\/15\/time-restricted-feeding-a-tool-to-lose-weight-and-improve-cardiometabolic-health\/\">Time-restricted feeding: A tool to lose weight and improve cardiometabolic health<\/a>\n                                        <\/li>\n                                                                            <li class=\"small\">\n                                            <a href=\"https:\/\/observatoireprevention.org\/en\/2022\/08\/12\/time-restricted-eating-a-promising-approach-for-chronic-disease-prevention\/\">Time-restricted eating, a promising approach for chronic disease prevention<\/a>\n                                        <\/li>\n                                                                    <\/ul>\n                            <\/div>\n                                                                            <div>\n                                <div class=\"mt-1\">\n                                                                            <a href=\"https:\/\/observatoireprevention.org\/dossiers\/alimentation\/jeune-alimentation\/\" class=\"btn btn-outline-warning btn-sm me-2 mt-2\">Je\u00fbne<\/a>\n                                                                    <\/div>\n                            <\/div>\n                                            <\/div>\n                <\/li>\n                                            <li id=\"post-16040\" class=\"list-group-item mt-4 pb-4 post-16040 revue-de-presse type-revue-de-presse status-publish hentry types-de-media-radio\">\n                    <div>\n                        <div class=\"align-items-center d-flex mb-2\">\n                            <div class=\"badge me-2 p-2 text-bg-primary\">\n                                11 April 2023                            <\/div>\n                                                                                                                    <div>\n                                                                            <span class=\"me-1 ms-1\">Radio<\/span>                                                                    <\/div>\n                                                    <\/div>\n                        <a href=\"https:\/\/www.985fm.ca\/audio\/551332\/jeunes-de-18-ans-et-moins-le-vapotage-est-de-nouveau-sur-la-sellette\" target=\"_blank\" class=\"font-size-larger fw-bold\"><span>Jeunes de 18 ans et moins: le vapotage est de nouveau sur la sellette.<\/span><\/a>\n                        <div class=\"small text-muted\">\n                            \n<p>Entrevue avec Luc Ferrandez \u00e0 l\u2019\u00e9mission \u00ab Sans r\u00e9serve \u00bb au 98.5 FM.<\/p>\n                        <\/div>\n                                                                    <\/div>\n                <\/li>\n                                            <li id=\"post-16041\" class=\"list-group-item mt-4 pb-4 post-16041 revue-de-presse type-revue-de-presse status-publish hentry types-de-media-radio\">\n                    <div>\n                        <div class=\"align-items-center d-flex mb-2\">\n                            <div class=\"badge me-2 p-2 text-bg-primary\">\n                                22 February 2023                            <\/div>\n                                                                                                                    <div>\n                                                                            <span class=\"me-1 ms-1\">Radio<\/span>                                                                    <\/div>\n                                                    <\/div>\n                        <a href=\"https:\/\/www.985fm.ca\/audio\/542086\/je-pense-que-c-est-sur-qu-ils-avaient-un-biais-prealable-dr-martin-juneau\" target=\"_blank\" class=\"font-size-larger fw-bold\"><span>Rapport sur la consommation d\u2019alcool.<\/span><\/a>\n                        <div class=\"small text-muted\">\n                            \n<p>Entrevue avec Paul Arcand \u00e0 l\u2019\u00e9mission \u00ab Puisqu\u2019il faut se lever \u00bb au 98,5 FM.<\/p>\n                        <\/div>\n                                                    <div class=\"mt-3 small\">\n                                For more informations :                            <\/div>\n                            <div>\n                                <ul>\n                                                                            <li class=\"small\">\n                                            <a href=\"https:\/\/observatoireprevention.org\/en\/2023\/01\/30\/the-pros-and-cons-of-alcohol\/\">The pros and cons of alcohol<\/a>\n                                        <\/li>\n                                                                    <\/ul>\n                            <\/div>\n                                                                            <div>\n                                <div class=\"mt-1\">\n                                                                            <a href=\"https:\/\/observatoireprevention.org\/dossiers\/alimentation\/alcool\/\" class=\"btn btn-outline-warning btn-sm me-2 mt-2\">Alcool<\/a>\n                                                                            <a href=\"https:\/\/observatoireprevention.org\/dossiers\/maladie\/\" class=\"btn btn-outline-warning btn-sm me-2 mt-2\">Maladies cardiovasculaires<\/a>\n                                                                            <a href=\"https:\/\/observatoireprevention.org\/dossiers\/maladie\/infarctus\/\" class=\"btn btn-outline-warning btn-sm me-2 mt-2\">Infarctus<\/a>\n                                                                    <\/div>\n                            <\/div>\n                                            <\/div>\n                <\/li>\n                                            <li id=\"post-16095\" class=\"list-group-item mt-4 pb-4 post-16095 revue-de-presse type-revue-de-presse status-publish hentry types-de-media-presse-ecrite types-de-media-radio\">\n                    <div>\n                        <div class=\"align-items-center d-flex mb-2\">\n                            <div class=\"badge me-2 p-2 text-bg-primary\">\n                                21 February 2023                            <\/div>\n                                                                                                                    <div>\n                                                                            <span class=\"me-1 ms-1\">Presse \u00e9crite<\/span>|                                                                            <span class=\"me-1 ms-1\">Radio<\/span>                                                                    <\/div>\n                                                    <\/div>\n                        <a href=\"https:\/\/www.journaldemontreal.com\/2023\/02\/21\/consommation-dalcool-letude-alarmiste-ne-vaut-rien-selon-un-cardiologue\" target=\"_blank\" class=\"font-size-larger fw-bold\"><span>Consommation d\u2019alcool: l\u2019\u00e9tude alarmiste ne vaut rien, selon un cardiologue.<\/span><\/a>\n                        <div class=\"small text-muted\">\n                            \n<p>Agence QMI, Journal de Montr\u00e9al.<\/p>\n                        <\/div>\n                                                    <div class=\"mt-3 small\">\n                                For more informations :                            <\/div>\n                            <div>\n                                <ul>\n                                                                            <li class=\"small\">\n                                            <a href=\"https:\/\/observatoireprevention.org\/en\/2023\/01\/30\/the-pros-and-cons-of-alcohol\/\">The pros and cons of alcohol<\/a>\n                                        <\/li>\n                                                                    <\/ul>\n                            <\/div>\n                                                                            <div>\n                                <div class=\"mt-1\">\n                                                                            <a href=\"https:\/\/observatoireprevention.org\/dossiers\/alimentation\/alcool\/\" class=\"btn btn-outline-warning btn-sm me-2 mt-2\">Alcool<\/a>\n                                                                            <a href=\"https:\/\/observatoireprevention.org\/dossiers\/maladie\/\" class=\"btn btn-outline-warning btn-sm me-2 mt-2\">Maladies cardiovasculaires<\/a>\n                                                                            <a href=\"https:\/\/observatoireprevention.org\/dossiers\/maladie\/infarctus\/\" class=\"btn btn-outline-warning btn-sm me-2 mt-2\">Infarctus<\/a>\n                                                                    <\/div>\n                            <\/div>\n                                            <\/div>\n                <\/li>\n                                            <li id=\"post-16042\" class=\"list-group-item mt-4 pb-4 post-16042 revue-de-presse type-revue-de-presse status-publish hentry types-de-media-radio\">\n                    <div>\n                        <div class=\"align-items-center d-flex mb-2\">\n                            <div class=\"badge me-2 p-2 text-bg-primary\">\n                                21 January 2023                            <\/div>\n                                                                                                                    <div>\n                                                                            <span class=\"me-1 ms-1\">Radio<\/span>                                                                    <\/div>\n                                                    <\/div>\n                        <a href=\"https:\/\/ici.radio-canada.ca\/ohdio\/premiere\/emissions\/les-faits-dabord\/segments\/panel\/430062\/verre-boisson-alcoolisee-risques\" target=\"_blank\" class=\"font-size-larger fw-bold\"><span>Nouvelles recommandations: Quelle est la consommation d\u2019alcool acceptable?<\/span><\/a>\n                        <div class=\"small text-muted\">\n                            \n<p>D\u00e9bat \u00e0 l\u2019\u00e9mission \u00ab Les faits d\u2019abord \u00bb anim\u00e9 par Alain Gravel. Ici-Premi\u00e8re, Radio-Canada.<\/p>\n                        <\/div>\n                                                    <div class=\"mt-3 small\">\n                                For more informations :                            <\/div>\n                            <div>\n                                <ul>\n                                                                            <li class=\"small\">\n                                            <a href=\"https:\/\/observatoireprevention.org\/en\/2023\/01\/30\/the-pros-and-cons-of-alcohol\/\">The pros and cons of alcohol<\/a>\n                                        <\/li>\n                                                                    <\/ul>\n                            <\/div>\n                                                                            <div>\n                                <div class=\"mt-1\">\n                                                                            <a href=\"https:\/\/observatoireprevention.org\/dossiers\/alimentation\/alcool\/\" class=\"btn btn-outline-warning btn-sm me-2 mt-2\">Alcool<\/a>\n                                                                            <a href=\"https:\/\/observatoireprevention.org\/dossiers\/maladie\/\" class=\"btn btn-outline-warning btn-sm me-2 mt-2\">Maladies cardiovasculaires<\/a>\n                                                                            <a href=\"https:\/\/observatoireprevention.org\/dossiers\/maladie\/infarctus\/\" class=\"btn btn-outline-warning btn-sm me-2 mt-2\">Infarctus<\/a>\n                                                                    <\/div>\n                            <\/div>\n                                            <\/div>\n                <\/li>\n                                            <li id=\"post-16096\" class=\"list-group-item mt-4 pb-4 post-16096 revue-de-presse type-revue-de-presse status-publish hentry types-de-media-presse-ecrite\">\n                    <div>\n                        <div class=\"align-items-center d-flex mb-2\">\n                            <div class=\"badge me-2 p-2 text-bg-primary\">\n                                20 January 2023                            <\/div>\n                                                                                                                    <div>\n                                                                            <span class=\"me-1 ms-1\">Presse \u00e9crite<\/span>                                                                    <\/div>\n                                                    <\/div>\n                        <a href=\"https:\/\/www.journaldemontreal.com\/2023\/01\/20\/les-buveurs-dalcool-entre-le-choc-et-le-deni\" target=\"_blank\" class=\"font-size-larger fw-bold\"><span>Les buveurs d\u2019alcool entre le choc et le d\u00e9ni.<\/span><\/a>\n                        <div class=\"small text-muted\">\n                            \n<p>Hugo Duchene, Le Journal de Montr\u00e9al.<\/p>\n                        <\/div>\n                                                    <div class=\"mt-3 small\">\n                                For more informations :                            <\/div>\n                            <div>\n                                <ul>\n                                                                            <li class=\"small\">\n                                            <a href=\"https:\/\/observatoireprevention.org\/en\/2023\/01\/30\/the-pros-and-cons-of-alcohol\/\">The pros and cons of alcohol<\/a>\n                                        <\/li>\n                                                                    <\/ul>\n                            <\/div>\n                                                                            <div>\n                                <div class=\"mt-1\">\n                                                                            <a href=\"https:\/\/observatoireprevention.org\/dossiers\/alimentation\/alcool\/\" class=\"btn btn-outline-warning btn-sm me-2 mt-2\">Alcool<\/a>\n                                                                            <a href=\"https:\/\/observatoireprevention.org\/dossiers\/maladie\/\" class=\"btn btn-outline-warning btn-sm me-2 mt-2\">Maladies cardiovasculaires<\/a>\n                                                                            <a href=\"https:\/\/observatoireprevention.org\/dossiers\/maladie\/infarctus\/\" class=\"btn btn-outline-warning btn-sm me-2 mt-2\">Infarctus<\/a>\n                                                                    <\/div>\n                            <\/div>\n                                            <\/div>\n                <\/li>\n                                            <li id=\"post-16043\" class=\"list-group-item mt-4 pb-4 post-16043 revue-de-presse type-revue-de-presse status-publish hentry types-de-media-television\">\n                    <div>\n                        <div class=\"align-items-center d-flex mb-2\">\n                            <div class=\"badge me-2 p-2 text-bg-primary\">\n                                19 January 2023                            <\/div>\n                                                                                                                    <div>\n                                                                            <span class=\"me-1 ms-1\">T\u00e9l\u00e9vision<\/span>                                                                    <\/div>\n                                                    <\/div>\n                        <a href=\"https:\/\/ici.radio-canada.ca\/tele\/on-va-se-le-dire\/site\/segments\/chronique\/429492\/cardiologie-martin-juneau-vin-biere\" target=\"_blank\" class=\"font-size-larger fw-bold\"><span>Les nouvelles directives sur l\u2019alcool.<\/span><\/a>\n                        <div class=\"small text-muted\">\n                            \n<p> Entrevue avec S\u00e9bastien Diaz \u00e0 l\u2019\u00e9mission \u00ab On va se le dire \u00bb de Radio-Canada.<\/p>\n                        <\/div>\n                                                    <div class=\"mt-3 small\">\n                                For more informations :                            <\/div>\n                            <div>\n                                <ul>\n                                                                            <li class=\"small\">\n                                            <a href=\"https:\/\/observatoireprevention.org\/en\/2023\/01\/30\/the-pros-and-cons-of-alcohol\/\">The pros and cons of alcohol<\/a>\n                                        <\/li>\n                                                                    <\/ul>\n                            <\/div>\n                                                                            <div>\n                                <div class=\"mt-1\">\n                                                                            <a href=\"https:\/\/observatoireprevention.org\/dossiers\/alimentation\/alcool\/\" class=\"btn btn-outline-warning btn-sm me-2 mt-2\">Alcool<\/a>\n                                                                            <a href=\"https:\/\/observatoireprevention.org\/dossiers\/maladie\/\" class=\"btn btn-outline-warning btn-sm me-2 mt-2\">Maladies cardiovasculaires<\/a>\n                                                                            <a href=\"https:\/\/observatoireprevention.org\/dossiers\/maladie\/infarctus\/\" class=\"btn btn-outline-warning btn-sm me-2 mt-2\">Infarctus<\/a>\n                                                                    <\/div>\n                            <\/div>\n                                            <\/div>\n                <\/li>\n                                            <li id=\"post-16050\" class=\"list-group-item mt-4 pb-4 post-16050 revue-de-presse type-revue-de-presse status-publish hentry types-de-media-radio\">\n                    <div>\n                        <div class=\"align-items-center d-flex mb-2\">\n                            <div class=\"badge me-2 p-2 text-bg-primary\">\n                                18 January 2023                            <\/div>\n                                                                                                                    <div>\n                                                                            <span class=\"me-1 ms-1\">Radio<\/span>                                                                    <\/div>\n                                                    <\/div>\n                        <a href=\"https:\/\/ici.radio-canada.ca\/ohdio\/premiere\/emissions\/tout-un-matin\/segments\/entrevue\/429375\/nouvelles-recommandations-alcool-homme-femme-dr-martin-juneau\" target=\"_blank\" class=\"font-size-larger fw-bold\"><span>Consommation d\u2019alcool : les risques doivent \u00eatre individualis\u00e9s, selon un cardiologue.<\/span><\/a>\n                        <div class=\"small text-muted\">\n                            \n<p>Entrevue avec Patrick Masbourian \u00e0 l\u2019\u00e9mission \u00ab Tout un matin \u00bb de Radio-Canada Ici Premi\u00e8re.<\/p>\n                        <\/div>\n                                                    <div class=\"mt-3 small\">\n                                For more informations :                            <\/div>\n                            <div>\n                                <ul>\n                                                                            <li class=\"small\">\n                                            <a href=\"https:\/\/observatoireprevention.org\/en\/2023\/01\/30\/the-pros-and-cons-of-alcohol\/\">The pros and cons of alcohol<\/a>\n                                        <\/li>\n                                                                    <\/ul>\n                            <\/div>\n                                                                            <div>\n                                <div class=\"mt-1\">\n                                                                            <a href=\"https:\/\/observatoireprevention.org\/dossiers\/alimentation\/alcool\/\" class=\"btn btn-outline-warning btn-sm me-2 mt-2\">Alcool<\/a>\n                                                                            <a href=\"https:\/\/observatoireprevention.org\/dossiers\/maladie\/\" class=\"btn btn-outline-warning btn-sm me-2 mt-2\">Maladies cardiovasculaires<\/a>\n                                                                            <a href=\"https:\/\/observatoireprevention.org\/dossiers\/maladie\/infarctus\/\" class=\"btn btn-outline-warning btn-sm me-2 mt-2\">Infarctus<\/a>\n                                                                    <\/div>\n                            <\/div>\n                                            <\/div>\n                <\/li>\n                                            <li id=\"post-16046\" class=\"list-group-item mt-4 pb-4 post-16046 revue-de-presse type-revue-de-presse status-publish hentry types-de-media-radio\">\n                    <div>\n                        <div class=\"align-items-center d-flex mb-2\">\n                            <div class=\"badge me-2 p-2 text-bg-primary\">\n                                17 January 2023                            <\/div>\n                                                                                                                    <div>\n                                                                            <span class=\"me-1 ms-1\">Radio<\/span>                                                                    <\/div>\n                                                    <\/div>\n                        <a href=\"https:\/\/omny.fm\/shows\/dutrizac\/alcool-je-ne-suis-pas-d-accord-avec-les-recommanda\" target=\"_blank\" class=\"font-size-larger fw-bold\"><span>Alcool : \u00abJe ne suis pas d\u2019accord avec les recommandations\u00bb, affirme un cardiologue.<\/span><\/a>\n                        <div class=\"small text-muted\">\n                            \n<p>Entrevue avec Beno\u00eet Dutrizac \u00e0 QUB radio.<\/p>\n                        <\/div>\n                                                    <div class=\"mt-3 small\">\n                                For more informations :                            <\/div>\n                            <div>\n                                <ul>\n                                                                            <li class=\"small\">\n                                            <a href=\"https:\/\/observatoireprevention.org\/en\/2023\/01\/30\/the-pros-and-cons-of-alcohol\/\">The pros and cons of alcohol<\/a>\n                                        <\/li>\n                                                                    <\/ul>\n                            <\/div>\n                                                                            <div>\n                                <div class=\"mt-1\">\n                                                                            <a href=\"https:\/\/observatoireprevention.org\/dossiers\/alimentation\/alcool\/\" class=\"btn btn-outline-warning btn-sm me-2 mt-2\">Alcool<\/a>\n                                                                            <a href=\"https:\/\/observatoireprevention.org\/dossiers\/maladie\/\" class=\"btn btn-outline-warning btn-sm me-2 mt-2\">Maladies cardiovasculaires<\/a>\n                                                                            <a href=\"https:\/\/observatoireprevention.org\/dossiers\/maladie\/infarctus\/\" class=\"btn btn-outline-warning btn-sm me-2 mt-2\">Infarctus<\/a>\n                                                                    <\/div>\n                            <\/div>\n                                            <\/div>\n                <\/li>\n                                            <li id=\"post-16047\" class=\"list-group-item mt-4 pb-4 post-16047 revue-de-presse type-revue-de-presse status-publish hentry types-de-media-television\">\n                    <div>\n                        <div class=\"align-items-center d-flex mb-2\">\n                            <div class=\"badge me-2 p-2 text-bg-primary\">\n                                17 January 2023                            <\/div>\n                                                                                                                    <div>\n                                                                            <span class=\"me-1 ms-1\">T\u00e9l\u00e9vision<\/span>                                                                    <\/div>\n                                                    <\/div>\n                        <a href=\"https:\/\/ici.radio-canada.ca\/tele\/le-telejournal-18h\/site\/segments\/reportage\/429305\/alcool-sante-dependance-prevention\" target=\"_blank\" class=\"font-size-larger fw-bold\"><span>Un risque avec un verre d\u2019alcool par semaine?<\/span><\/a>\n                        <div class=\"small text-muted\">\n                            \n<p>Entrevue avec Patrice Roy au T\u00e9l\u00e9journal de Radio-Canada.<\/p>\n                        <\/div>\n                                                    <div class=\"mt-3 small\">\n                                For more informations :                            <\/div>\n                            <div>\n                                <ul>\n                                                                            <li class=\"small\">\n                                            <a href=\"https:\/\/observatoireprevention.org\/en\/2023\/01\/30\/the-pros-and-cons-of-alcohol\/\">The pros and cons of alcohol<\/a>\n                                        <\/li>\n                                                                    <\/ul>\n                            <\/div>\n                                                                            <div>\n                                <div class=\"mt-1\">\n                                                                            <a href=\"https:\/\/observatoireprevention.org\/dossiers\/alimentation\/alcool\/\" class=\"btn btn-outline-warning btn-sm me-2 mt-2\">Alcool<\/a>\n                                                                            <a href=\"https:\/\/observatoireprevention.org\/dossiers\/maladie\/\" class=\"btn btn-outline-warning btn-sm me-2 mt-2\">Maladies cardiovasculaires<\/a>\n                                                                            <a href=\"https:\/\/observatoireprevention.org\/dossiers\/maladie\/infarctus\/\" class=\"btn btn-outline-warning btn-sm me-2 mt-2\">Infarctus<\/a>\n                                                                    <\/div>\n                            <\/div>\n                                            <\/div>\n                <\/li>\n                                            <li id=\"post-16052\" class=\"list-group-item mt-4 pb-4 post-16052 revue-de-presse type-revue-de-presse status-publish hentry types-de-media-television\">\n                    <div>\n                        <div class=\"align-items-center d-flex mb-2\">\n                            <div class=\"badge me-2 p-2 text-bg-primary\">\n                                9 November 2022                            <\/div>\n                                                                                                                    <div>\n                                                                            <span class=\"me-1 ms-1\">T\u00e9l\u00e9vision<\/span>                                                                    <\/div>\n                                                    <\/div>\n                        <a href=\"https:\/\/www.qub.ca\/tvaplus\/tva\/marie-claude\/saison-2\/episode-108-dr-m-juneau-p-godin-g-brouillette-a-barrette-1085715299\" target=\"_blank\" class=\"font-size-larger fw-bold\"><span>Le je\u00fbne intermittent.<\/span><\/a>\n                        <div class=\"small text-muted\">\n                            \n<p>Entrevue avec Marie-Claude Barrette \u00e0 l\u2019\u00c9mission \u00ab Marie-Claude \u00bb \u00e0 TVA.<\/p>\n                        <\/div>\n                                                    <div class=\"mt-3 small\">\n                                For more informations :                            <\/div>\n                            <div>\n                                <ul>\n                                                                            <li class=\"small\">\n                                            <a href=\"https:\/\/observatoireprevention.org\/en\/2020\/09\/15\/time-restricted-feeding-a-tool-to-lose-weight-and-improve-cardiometabolic-health\/\">Time-restricted feeding: A tool to lose weight and improve cardiometabolic health<\/a>\n                                        <\/li>\n                                                                            <li class=\"small\">\n                                            <a href=\"https:\/\/observatoireprevention.org\/en\/2022\/08\/12\/time-restricted-eating-a-promising-approach-for-chronic-disease-prevention\/\">Time-restricted eating, a promising approach for chronic disease prevention<\/a>\n                                        <\/li>\n                                                                    <\/ul>\n                            <\/div>\n                                                                            <div>\n                                <div class=\"mt-1\">\n                                                                            <a href=\"https:\/\/observatoireprevention.org\/dossiers\/alimentation\/\" class=\"btn btn-outline-warning btn-sm me-2 mt-2\">Alimentation<\/a>\n                                                                            <a href=\"https:\/\/observatoireprevention.org\/dossiers\/alimentation\/jeune-alimentation\/\" class=\"btn btn-outline-warning btn-sm me-2 mt-2\">Je\u00fbne<\/a>\n                                                                    <\/div>\n                            <\/div>\n                                            <\/div>\n                <\/li>\n                                            <li id=\"post-16053\" class=\"list-group-item mt-4 pb-4 post-16053 revue-de-presse type-revue-de-presse status-publish hentry types-de-media-television\">\n                    <div>\n                        <div class=\"align-items-center d-flex mb-2\">\n                            <div class=\"badge me-2 p-2 text-bg-primary\">\n                                31 August 2022                            <\/div>\n                                                                                                                    <div>\n                                                                            <span class=\"me-1 ms-1\">T\u00e9l\u00e9vision<\/span>                                                                    <\/div>\n                                                    <\/div>\n                        <a href=\"https:\/\/www.tvanouvelles.ca\/2022\/08\/31\/jai-lu-les-memes-etudes-et-je-nen-viens-pas-aux-memes-conclusions\" target=\"_blank\" class=\"font-size-larger fw-bold\"><span>\u00abJ\u2019ai lu les m\u00eames \u00e9tudes et je n\u2019en viens pas aux m\u00eames conclusions\u00bb.<\/span><\/a>\n                        <div class=\"small text-muted\">\n                            \n<p>Entrevue \u00e0 LCN.<\/p>\n                        <\/div>\n                                                    <div class=\"mt-3 small\">\n                                For more informations :                            <\/div>\n                            <div>\n                                <ul>\n                                                                            <li class=\"small\">\n                                            <a href=\"https:\/\/observatoireprevention.org\/en\/2023\/01\/30\/the-pros-and-cons-of-alcohol\/\">The pros and cons of alcohol<\/a>\n                                        <\/li>\n                                                                    <\/ul>\n                            <\/div>\n                                                                            <div>\n                                <div class=\"mt-1\">\n                                                                            <a href=\"https:\/\/observatoireprevention.org\/dossiers\/alimentation\/alcool\/\" class=\"btn btn-outline-warning btn-sm me-2 mt-2\">Alcool<\/a>\n                                                                            <a href=\"https:\/\/observatoireprevention.org\/dossiers\/maladie\/\" class=\"btn btn-outline-warning btn-sm me-2 mt-2\">Maladies cardiovasculaires<\/a>\n                                                                            <a href=\"https:\/\/observatoireprevention.org\/dossiers\/maladie\/infarctus\/\" class=\"btn btn-outline-warning btn-sm me-2 mt-2\">Infarctus<\/a>\n                                                                    <\/div>\n                            <\/div>\n                                            <\/div>\n                <\/li>\n                                            <li id=\"post-16055\" class=\"list-group-item mt-4 pb-4 post-16055 revue-de-presse type-revue-de-presse status-publish hentry types-de-media-radio\">\n                    <div>\n                        <div class=\"align-items-center d-flex mb-2\">\n                            <div class=\"badge me-2 p-2 text-bg-primary\">\n                                30 August 2022                            <\/div>\n                                                                                                                    <div>\n                                                                            <span class=\"me-1 ms-1\">Radio<\/span>                                                                    <\/div>\n                                                    <\/div>\n                        <a href=\"https:\/\/www.985fm.ca\/audio\/504718\/on-banalise-l-effet-de-l-alcool-dr-martin-juneau\" target=\"_blank\" class=\"font-size-larger fw-bold\"><span>\u00abOn banalise l\u2019effet de l\u2019alcool\u00bb -Le Dr Martin Juneau.<\/span><\/a>\n                        <div class=\"small text-muted\">\n                            \n<p>Entrevue avec Luc Ferrandez \u00e0 l\u2019\u00e9mission \u00ab Sans r\u00e9serve \u00bb au 98,5 FM.<\/p>\n                        <\/div>\n                                                    <div class=\"mt-3 small\">\n                                For more informations :                            <\/div>\n                            <div>\n                                <ul>\n                                                                            <li class=\"small\">\n                                            <a href=\"https:\/\/observatoireprevention.org\/en\/2023\/01\/30\/the-pros-and-cons-of-alcohol\/\">The pros and cons of alcohol<\/a>\n                                        <\/li>\n                                                                    <\/ul>\n                            <\/div>\n                                                                            <div>\n                                <div class=\"mt-1\">\n                                                                            <a href=\"https:\/\/observatoireprevention.org\/dossiers\/alimentation\/alcool\/\" class=\"btn btn-outline-warning btn-sm me-2 mt-2\">Alcool<\/a>\n                                                                            <a href=\"https:\/\/observatoireprevention.org\/dossiers\/maladie\/\" class=\"btn btn-outline-warning btn-sm me-2 mt-2\">Maladies cardiovasculaires<\/a>\n                                                                            <a href=\"https:\/\/observatoireprevention.org\/dossiers\/maladie\/infarctus\/\" class=\"btn btn-outline-warning btn-sm me-2 mt-2\">Infarctus<\/a>\n                                                                    <\/div>\n                            <\/div>\n                                            <\/div>\n                <\/li>\n                                            <li id=\"post-16491\" class=\"list-group-item mt-4 pb-4 post-16491 revue-de-presse type-revue-de-presse status-publish hentry types-de-media-presse-ecrite\">\n                    <div>\n                        <div class=\"align-items-center d-flex mb-2\">\n                            <div class=\"badge me-2 p-2 text-bg-primary\">\n                                14 June 2022                            <\/div>\n                                                                                                                    <div>\n                                                                            <span class=\"me-1 ms-1\">Presse \u00e9crite<\/span>                                                                    <\/div>\n                                                    <\/div>\n                        <a href=\"https:\/\/www.sciencepresse.qc.ca\/actualite\/detecteur-rumeurs\/2022\/06\/14\/peut-se-passer-viande-depend\" target=\"_blank\" class=\"font-size-larger fw-bold\"><span>Peut-on se passer de viande? \u00c7a d\u00e9pend<\/span><\/a>\n                        <div class=\"small text-muted\">\n                            \n<p>Catherine Cr\u00e9peau, Agence Science-Presse<\/p>\n                        <\/div>\n                                                                            <div>\n                                <div class=\"mt-1\">\n                                                                            <a href=\"https:\/\/observatoireprevention.org\/dossiers\/alimentation\/\" class=\"btn btn-outline-warning btn-sm me-2 mt-2\">Alimentation<\/a>\n                                                                            <a href=\"https:\/\/observatoireprevention.org\/dossiers\/alimentation\/vegetarisme\/\" class=\"btn btn-outline-warning btn-sm me-2 mt-2\">V\u00e9g\u00e9tarisme<\/a>\n                                                                    <\/div>\n                            <\/div>\n                                            <\/div>\n                <\/li>\n                                            <li id=\"post-16056\" class=\"list-group-item mt-4 pb-4 post-16056 revue-de-presse type-revue-de-presse status-publish hentry types-de-media-television\">\n                    <div>\n                        <div class=\"align-items-center d-flex mb-2\">\n                            <div class=\"badge me-2 p-2 text-bg-primary\">\n                                6 April 2022                            <\/div>\n                                                                                                                    <div>\n                                                                            <span class=\"me-1 ms-1\">T\u00e9l\u00e9vision<\/span>                                                                    <\/div>\n                                                    <\/div>\n                        <a href=\"https:\/\/www.noovo.info\/video\/biscuits-au-pot-maintenant-en-vente.html\" target=\"_blank\" class=\"font-size-larger fw-bold\"><span>Des \u00abbiscuits\u00bb au pot maintenant en vente \u00e0 la SQDC.<\/span><\/a>\n                        <div class=\"small text-muted\">\n                            \n<p>Entrevue avec Fanny Lachance-Paquette \u00e0 Noovo.<\/p>\n                        <\/div>\n                                                                    <\/div>\n                <\/li>\n                                            <li id=\"post-16097\" class=\"list-group-item mt-4 pb-4 post-16097 revue-de-presse type-revue-de-presse status-publish hentry types-de-media-presse-ecrite\">\n                    <div>\n                        <div class=\"align-items-center d-flex mb-2\">\n                            <div class=\"badge me-2 p-2 text-bg-primary\">\n                                13 March 2022                            <\/div>\n                                                                                                                    <div>\n                                                                            <span class=\"me-1 ms-1\">Presse \u00e9crite<\/span>                                                                    <\/div>\n                                                    <\/div>\n                        <a href=\"https:\/\/www.lapresse.ca\/actualites\/sciences\/2022-03-13\/manger-mieux-pour-vivre-plus-vieux.php\" target=\"_blank\" class=\"font-size-larger fw-bold\"><span>Manger mieux pour vivre plus vieux.<\/span><\/a>\n                        <div class=\"small text-muted\">\n                            \n<p>Chlo\u00e9 Bourquin, La Presse.<\/p>\n                        <\/div>\n                                                                    <\/div>\n                <\/li>\n                                            <li id=\"post-16058\" class=\"list-group-item mt-4 pb-4 post-16058 revue-de-presse type-revue-de-presse status-publish hentry types-de-media-radio\">\n                    <div>\n                        <div class=\"align-items-center d-flex mb-2\">\n                            <div class=\"badge me-2 p-2 text-bg-primary\">\n                                12 March 2022                            <\/div>\n                                                                                                                    <div>\n                                                                            <span class=\"me-1 ms-1\">Radio<\/span>                                                                    <\/div>\n                                                    <\/div>\n                        <a href=\"https:\/\/ici.radio-canada.ca\/ohdio\/premiere\/emissions\/samedi-et-rien-d-autre\/episodes\/613201\/rattrapage-du-samedi-12-mars-2022\/18\" target=\"_blank\" class=\"font-size-larger fw-bold\"><span>Les bienfaits du caf\u00e9.<\/span><\/a>\n                        <div class=\"small text-muted\">\n                            \n<p>Entrevue avec Jo\u00ebl Lebigot \u00e0 ICI Radio-Canada Premi\u00e8re.<\/p>\n                        <\/div>\n                                                    <div class=\"mt-3 small\">\n                                For more informations :                            <\/div>\n                            <div>\n                                <ul>\n                                                                            <li class=\"small\">\n                                            <a href=\"https:\/\/observatoireprevention.org\/en\/2017\/05\/14\/the-effects-of-coffee-on-cardiovascular-disease\/\">The effects of coffee on cardiovascular disease<\/a>\n                                        <\/li>\n                                                                    <\/ul>\n                            <\/div>\n                                                                            <div>\n                                <div class=\"mt-1\">\n                                                                            <a href=\"https:\/\/observatoireprevention.org\/dossiers\/alimentation\/\" class=\"btn btn-outline-warning btn-sm me-2 mt-2\">Alimentation<\/a>\n                                                                            <a href=\"https:\/\/observatoireprevention.org\/dossiers\/alimentation\/vegetaux\/polyphenols\/\" class=\"btn btn-outline-warning btn-sm me-2 mt-2\">Polyph\u00e9nols<\/a>\n                                                                            <a href=\"https:\/\/observatoireprevention.org\/dossiers\/maladie\/\" class=\"btn btn-outline-warning btn-sm me-2 mt-2\">Maladies cardiovasculaires<\/a>\n                                                                            <a href=\"https:\/\/observatoireprevention.org\/dossiers\/maladie\/accident-vasculaire-cerebral\/\" class=\"btn btn-outline-warning btn-sm me-2 mt-2\">Accident vasculaire c\u00e9r\u00e9bral<\/a>\n                                                                            <a href=\"https:\/\/observatoireprevention.org\/dossiers\/maladie\/infarctus\/\" class=\"btn btn-outline-warning btn-sm me-2 mt-2\">Infarctus<\/a>\n                                                                    <\/div>\n                            <\/div>\n                                            <\/div>\n                <\/li>\n                                            <li id=\"post-16098\" class=\"list-group-item mt-4 pb-4 post-16098 revue-de-presse type-revue-de-presse status-publish hentry types-de-media-presse-ecrite\">\n                    <div>\n                        <div class=\"align-items-center d-flex mb-2\">\n                            <div class=\"badge me-2 p-2 text-bg-primary\">\n                                28 February 2022                            <\/div>\n                                                                                                                    <div>\n                                                                            <span class=\"me-1 ms-1\">Presse \u00e9crite<\/span>                                                                    <\/div>\n                                                    <\/div>\n                        <a href=\"https:\/\/lemedecinduquebec.org\/archives\/2022\/3\/jeune-intermittent-declenchement-des-mecanismes-d-adaptation-du-corps\/\" target=\"_blank\" class=\"font-size-larger fw-bold\"><span>Je\u00fbne\u00a0intermittent: d\u00e9clenchement des m\u00e9canismes d\u2019adaptation du corps.<\/span><\/a>\n                        <div class=\"small text-muted\">\n                            \n<p>\u00c9lyanthe Nord, le M\u00e9decin du Qu\u00e9bec.org.<\/p>\n                        <\/div>\n                                                                    <\/div>\n                <\/li>\n                                            <li id=\"post-16059\" class=\"list-group-item mt-4 pb-4 post-16059 revue-de-presse type-revue-de-presse status-publish hentry types-de-media-radio\">\n                    <div>\n                        <div class=\"align-items-center d-flex mb-2\">\n                            <div class=\"badge me-2 p-2 text-bg-primary\">\n                                27 February 2022                            <\/div>\n                                                                                                                    <div>\n                                                                            <span class=\"me-1 ms-1\">Radio<\/span>                                                                    <\/div>\n                                                    <\/div>\n                        <a href=\"https:\/\/ici.radio-canada.ca\/ohdio\/premiere\/emissions\/du-cote-de-chez-catherine\/episodes\/609381\/rattrapage-du-dimanche-27-fevrier-2022\" target=\"_blank\" class=\"font-size-larger fw-bold\"><span>Entrevue avec le cardiologue Martin Juneau (mois du coeur).<\/span><\/a>\n                        <div class=\"small text-muted\">\n                            \n<p>Entrevue avec Catherine Perrin \u00e0 ICI Radio-Canada Premi\u00e8re.<\/p>\n                        <\/div>\n                                                                    <\/div>\n                <\/li>\n                                            <li id=\"post-16099\" class=\"list-group-item mt-4 pb-4 post-16099 revue-de-presse type-revue-de-presse status-publish hentry types-de-media-presse-ecrite\">\n                    <div>\n                        <div class=\"align-items-center d-flex mb-2\">\n                            <div class=\"badge me-2 p-2 text-bg-primary\">\n                                26 February 2022                            <\/div>\n                                                                                                                    <div>\n                                                                            <span class=\"me-1 ms-1\">Presse \u00e9crite<\/span>                                                                    <\/div>\n                                                    <\/div>\n                        <a href=\"https:\/\/ici.radio-canada.ca\/nouvelle\/1864655\/cafes-cafeine-mauvais-cholesterol-etude-mcmaster\" target=\"_blank\" class=\"font-size-larger fw-bold\"><span>Vos caf\u00e9s quotidiens combattent le mauvais cholest\u00e9rol.<\/span><\/a>\n                        <div class=\"small text-muted\">\n                            \n<p>Alain Labelle, Radio-Canada.<\/p>\n                        <\/div>\n                                                                    <\/div>\n                <\/li>\n                                            <li id=\"post-16100\" class=\"list-group-item mt-4 pb-4 post-16100 revue-de-presse type-revue-de-presse status-publish hentry types-de-media-internet\">\n                    <div>\n                        <div class=\"align-items-center d-flex mb-2\">\n                            <div class=\"badge me-2 p-2 text-bg-primary\">\n                                25 February 2022                            <\/div>\n                                                                                                                    <div>\n                                                                            <span class=\"me-1 ms-1\">Internet<\/span>                                                                    <\/div>\n                                                    <\/div>\n                        <a href=\"https:\/\/verdictsante.protegez-vous.ca\/sante\/alcool-sante\" target=\"_blank\" class=\"font-size-larger fw-bold\"><span>Alcool et cancer : un lien d\u00e9montr\u00e9.<\/span><\/a>\n                        <div class=\"small text-muted\">\n                            \n<p>C\u00e9line Montpetit, Prot\u00e9gez-vous.<\/p>\n                        <\/div>\n                                                                    <\/div>\n                <\/li>\n                                            <li id=\"post-16060\" class=\"list-group-item mt-4 pb-4 post-16060 revue-de-presse type-revue-de-presse status-publish hentry types-de-media-internet\">\n                    <div>\n                        <div class=\"align-items-center d-flex mb-2\">\n                            <div class=\"badge me-2 p-2 text-bg-primary\">\n                                13 February 2022                            <\/div>\n                                                                                                                    <div>\n                                                                            <span class=\"me-1 ms-1\">Internet<\/span>                                                                    <\/div>\n                                                    <\/div>\n                        <a href=\"https:\/\/www.youtube.com\/watch?v=NtRnIQyGXOI\" target=\"_blank\" class=\"font-size-larger fw-bold\"><span>\u00ab Le coeur, le cerveau et l\u2019exercice \u00bb.<\/span><\/a>\n                        <div class=\"small text-muted\">\n                            \n<p>Conf\u00e9rence par le Dr Martin Juneau, Pr\u00e9sident d\u2019honneur de la 9e \u00e9dition de la Vir\u00e9e Nordique de Charlevoix.<\/p>\n                        <\/div>\n                                                                    <\/div>\n                <\/li>\n                                            <li id=\"post-16101\" class=\"list-group-item mt-4 pb-4 post-16101 revue-de-presse type-revue-de-presse status-publish hentry types-de-media-presse-ecrite\">\n                    <div>\n                        <div class=\"align-items-center d-flex mb-2\">\n                            <div class=\"badge me-2 p-2 text-bg-primary\">\n                                8 February 2022                            <\/div>\n                                                                                                                    <div>\n                                                                            <span class=\"me-1 ms-1\">Presse \u00e9crite<\/span>                                                                    <\/div>\n                                                    <\/div>\n                        <a href=\"https:\/\/ici.radio-canada.ca\/nouvelle\/1860770\/24h-infirmiere-quart-travail-victoriaville-hotel-dieu-ciusss-mcq\" target=\"_blank\" class=\"font-size-larger fw-bold\"><span>Une infirmi\u00e8re contrainte de travailler pendant 24\u00a0h\u00a0\u00e0 Victoriaville.<\/span><\/a>\n                        <div class=\"small text-muted\">\n                            \n<p>Thomas Deshaies, Radio-Canada.<\/p>\n                        <\/div>\n                                                                    <\/div>\n                <\/li>\n                                            <li id=\"post-16061\" class=\"list-group-item mt-4 pb-4 post-16061 revue-de-presse type-revue-de-presse status-publish hentry types-de-media-internet\">\n                    <div>\n                        <div class=\"align-items-center d-flex mb-2\">\n                            <div class=\"badge me-2 p-2 text-bg-primary\">\n                                2 February 2022                            <\/div>\n                                                                                                                    <div>\n                                                                            <span class=\"me-1 ms-1\">Internet<\/span>                                                                    <\/div>\n                                                    <\/div>\n                        <a href=\"https:\/\/baladoquebec.ca\/facebook-en-direct\/prevention-des-maladies-cardiovasculaires-avec-dr-martin-juneau\" target=\"_blank\" class=\"font-size-larger fw-bold\"><span>Pr\u00e9vention des maladies cardiovasculaires avec Dr Martin Juneau.<\/span><\/a>\n                        <div class=\"small text-muted\">\n                            \n<p>Entrevue avec Isabelle Huot, docteure en nutrition.<\/p>\n                        <\/div>\n                                                                    <\/div>\n                <\/li>\n                                            <li id=\"post-16102\" class=\"list-group-item mt-4 pb-4 post-16102 revue-de-presse type-revue-de-presse status-publish hentry types-de-media-internet\">\n                    <div>\n                        <div class=\"align-items-center d-flex mb-2\">\n                            <div class=\"badge me-2 p-2 text-bg-primary\">\n                                25 January 2022                            <\/div>\n                                                                                                                    <div>\n                                                                            <span class=\"me-1 ms-1\">Internet<\/span>                                                                    <\/div>\n                                                    <\/div>\n                        <a href=\"https:\/\/montougo.ca\/prevenir\/maladies-cardiovasculaires\/saines-habitudes-de-vie-vivre-mieux-plus-longtemps\/\" target=\"_blank\" class=\"font-size-larger fw-bold\"><span>Saines habitudes de vie: vivre mieux, plus longtemps.<\/span><\/a>\n                        <div class=\"small text-muted\">\n                            \n<p>Dr Martin Juneau, TOUGO.<\/p>\n                        <\/div>\n                                                                    <\/div>\n                <\/li>\n                                            <li id=\"post-16064\" class=\"list-group-item mt-4 pb-4 post-16064 revue-de-presse type-revue-de-presse status-publish hentry types-de-media-radio\">\n                    <div>\n                        <div class=\"align-items-center d-flex mb-2\">\n                            <div class=\"badge me-2 p-2 text-bg-primary\">\n                                11 January 2022                            <\/div>\n                                                                                                                    <div>\n                                                                            <span class=\"me-1 ms-1\">Radio<\/span>                                                                    <\/div>\n                                                    <\/div>\n                        <a href=\"https:\/\/ici.radio-canada.ca\/ohdio\/premiere\/emissions\/Par-ici-l-info\/episodes\/595633\/rattrapage-du-mardi-11-janvier-2022\/17\" target=\"_blank\" class=\"font-size-larger fw-bold\"><span>Le froid et la sant\u00e9 du coeur: Dr Martin Juneau,\u00a0cardiologue.<\/span><\/a>\n                        <div class=\"small text-muted\">\n                            \n<p>Entrevue \u00e0 l\u2019\u00e9mission \u00ab Par ici l\u2019info \u00bb avec Ren\u00e9e Dumais-Beaudoin, Radio-Canada Estrie.<\/p>\n                        <\/div>\n                                                                    <\/div>\n                <\/li>\n                                            <li id=\"post-16103\" class=\"list-group-item mt-4 pb-4 post-16103 revue-de-presse type-revue-de-presse status-publish hentry types-de-media-presse-ecrite\">\n                    <div>\n                        <div class=\"align-items-center d-flex mb-2\">\n                            <div class=\"badge me-2 p-2 text-bg-primary\">\n                                13 December 2021                            <\/div>\n                                                                                                                    <div>\n                                                                            <span class=\"me-1 ms-1\">Presse \u00e9crite<\/span>                                                                    <\/div>\n                                                    <\/div>\n                        <a href=\"https:\/\/ici.radio-canada.ca\/nouvelle\/1846823\/cuisine-restaurant-singapour-poulet\" target=\"_blank\" class=\"font-size-larger fw-bold\"><span>Viande cultiv\u00e9e en laboratoire au menu.<\/span><\/a>\n                        <div class=\"small text-muted\">\n                            \n<p>Philippe Leblanc, Radio-Canada.<\/p>\n                        <\/div>\n                                                                    <\/div>\n                <\/li>\n                                            <li id=\"post-16065\" class=\"list-group-item mt-4 pb-4 post-16065 revue-de-presse type-revue-de-presse status-publish hentry types-de-media-radio\">\n                    <div>\n                        <div class=\"align-items-center d-flex mb-2\">\n                            <div class=\"badge me-2 p-2 text-bg-primary\">\n                                2 December 2021                            <\/div>\n                                                                                                                    <div>\n                                                                            <span class=\"me-1 ms-1\">Radio<\/span>                                                                    <\/div>\n                                                    <\/div>\n                        <a href=\"https:\/\/ici.radio-canada.ca\/ohdio\/premiere\/emissions\/penelope\/segments\/entrevue\/382579\/surentrainement-dangers-signes-coeur-sportifs\" target=\"_blank\" class=\"font-size-larger fw-bold\"><span>Les dangers du surentra\u00eenement.<\/span><\/a>\n                        <div class=\"small text-muted\">\n                            \n<p>Entrevue avec P\u00e9n\u00e9lope McQuade, Radio-Canada.<\/p>\n                        <\/div>\n                                                                    <\/div>\n                <\/li>\n                                            <li id=\"post-16066\" class=\"list-group-item mt-4 pb-4 post-16066 revue-de-presse type-revue-de-presse status-publish hentry types-de-media-radio\">\n                    <div>\n                        <div class=\"align-items-center d-flex mb-2\">\n                            <div class=\"badge me-2 p-2 text-bg-primary\">\n                                29 November 2021                            <\/div>\n                                                                                                                    <div>\n                                                                            <span class=\"me-1 ms-1\">Radio<\/span>                                                                    <\/div>\n                                                    <\/div>\n                        <a href=\"https:\/\/ici.radio-canada.ca\/ohdio\/premiere\/emissions\/place-publique\/segments\/entrevue\/382239\/entrainement-athletes-coeur-cardiologie\" target=\"_blank\" class=\"font-size-larger fw-bold\"><span>\u00c0 quel point le c\u0153ur peut-il tol\u00e9rer l\u2019entra\u00eenement excessif?<\/span><\/a>\n                        <div class=\"small text-muted\">\n                            \n<p>Entrevue \u00e0 l\u2019\u00e9mission \u00ab Place Publique \u00bb avec Catherine Doucet, Radio-Canada.<\/p>\n                        <\/div>\n                                                                    <\/div>\n                <\/li>\n                                            <li id=\"post-16068\" class=\"list-group-item mt-4 pb-4 post-16068 revue-de-presse type-revue-de-presse status-publish hentry types-de-media-television\">\n                    <div>\n                        <div class=\"align-items-center d-flex mb-2\">\n                            <div class=\"badge me-2 p-2 text-bg-primary\">\n                                24 November 2021                            <\/div>\n                                                                                                                    <div>\n                                                                            <span class=\"me-1 ms-1\">T\u00e9l\u00e9vision<\/span>                                                                    <\/div>\n                                                    <\/div>\n                        <a href=\"https:\/\/www.qub.ca\/tvaplus\/tva\/marie-claude\/saison-1\/episode-33-a-choquette-dr-m-juneau-a-jean-r-marien-1061141187?fbclid=IwAR0kreKyc6iNJw6Ec-2RZB1emtJAOYtoYFXwjeSoZKEs22p6RrXvfM1EiRY\" target=\"_blank\" class=\"font-size-larger fw-bold\"><span>Les maladies du coeur.<\/span><\/a>\n                        <div class=\"small text-muted\">\n                            \n<p>Participation \u00e0 l\u2019\u00e9mission \u00ab Marie-Claude \u00bb \u00e0 TVA avec Marie-Claude Barrette.<\/p>\n                        <\/div>\n                                                                    <\/div>\n                <\/li>\n                                            <li id=\"post-16104\" class=\"list-group-item mt-4 pb-4 post-16104 revue-de-presse type-revue-de-presse status-publish hentry types-de-media-presse-ecrite\">\n                    <div>\n                        <div class=\"align-items-center d-flex mb-2\">\n                            <div class=\"badge me-2 p-2 text-bg-primary\">\n                                14 November 2021                            <\/div>\n                                                                                                                    <div>\n                                                                            <span class=\"me-1 ms-1\">Presse \u00e9crite<\/span>                                                                    <\/div>\n                                                    <\/div>\n                        <a href=\"https:\/\/www.lapresse.ca\/actualites\/sciences\/2021-11-14\/les-phtalates\/le-plastique-tue.php#:~:text=Pour%20la%20premi%C3%A8re%20fois%2C%20des,mieux%20r%C3%A9glementer%20ces%20produits%20chimiques\" target=\"_blank\" class=\"font-size-larger fw-bold\"><span>Les\u00a0phthalates: le plastique qui tue.<\/span><\/a>\n                        <div class=\"small text-muted\">\n                            \n<p>Chlo\u00e9 Bourquin, La Presse.<\/p>\n                        <\/div>\n                                                                    <\/div>\n                <\/li>\n                                            <li id=\"post-16069\" class=\"list-group-item mt-4 pb-4 post-16069 revue-de-presse type-revue-de-presse status-publish hentry types-de-media-internet\">\n                    <div>\n                        <div class=\"align-items-center d-flex mb-2\">\n                            <div class=\"badge me-2 p-2 text-bg-primary\">\n                                16 October 2021                            <\/div>\n                                                                                                                    <div>\n                                                                            <span class=\"me-1 ms-1\">Internet<\/span>                                                                    <\/div>\n                                                    <\/div>\n                        <a href=\"https:\/\/www.facebook.com\/watch\/?v=304859251074238\" target=\"_blank\" class=\"font-size-larger fw-bold\"><span>J\u2019aime les fruits et l\u00e9gumes.<\/span><\/a>\n                        <div class=\"small text-muted\">\n                            \n<p>Entrevue avec Isabelle Huot, docteure en nutrition, journ\u00e9e mondiale de l\u2019alimentation.<\/p>\n                        <\/div>\n                                                                    <\/div>\n                <\/li>\n                                            <li id=\"post-16105\" class=\"list-group-item mt-4 pb-4 post-16105 revue-de-presse type-revue-de-presse status-publish hentry types-de-media-internet types-de-media-revue\">\n                    <div>\n                        <div class=\"align-items-center d-flex mb-2\">\n                            <div class=\"badge me-2 p-2 text-bg-primary\">\n                                21 September 2021                            <\/div>\n                                                                                                                    <div>\n                                                                            <span class=\"me-1 ms-1\">Internet<\/span>|                                                                            <span class=\"me-1 ms-1\">Revue<\/span>                                                                    <\/div>\n                                                    <\/div>\n                        <a href=\"https:\/\/curiummag.com\/on-respire-par-le-nez\/\" target=\"_blank\" class=\"font-size-larger fw-bold\"><span>On respire par le nez !<\/span><\/a>\n                        <div class=\"small text-muted\">\n                            \n<p>Alexandra Perron, Curium magazine.<\/p>\n                        <\/div>\n                                                                    <\/div>\n                <\/li>\n                                            <li id=\"post-16070\" class=\"list-group-item mt-4 pb-4 post-16070 revue-de-presse type-revue-de-presse status-publish hentry types-de-media-internet\">\n                    <div>\n                        <div class=\"align-items-center d-flex mb-2\">\n                            <div class=\"badge me-2 p-2 text-bg-primary\">\n                                24 February 2021                            <\/div>\n                                                                                                                    <div>\n                                                                            <span class=\"me-1 ms-1\">Internet<\/span>                                                                    <\/div>\n                                                    <\/div>\n                        <a href=\"https:\/\/www.youtube.com\/watch?v=MvAz1aJmOa8\" target=\"_blank\" class=\"font-size-larger fw-bold\"><span>Soir\u00e9e piments \u2013 Et que \u00e7a chauffe!<\/span><\/a>\n                        <div class=\"small text-muted\">\n                            \n<p>Participation \u00e0 une \u00e9mission \u2013 Dans le cadre du volet gastronomique du Festival Montr\u00e9al en lumi\u00e8re, le C\u0153ur des sciences \u2013 UQAM vous invite \u00e0 une exploration scientifique et culinaire du monde color\u00e9 des piments!<\/p>\n                        <\/div>\n                                                                    <\/div>\n                <\/li>\n                                            <li id=\"post-16072\" class=\"list-group-item mt-4 pb-4 post-16072 revue-de-presse type-revue-de-presse status-publish hentry types-de-media-radio\">\n                    <div>\n                        <div class=\"align-items-center d-flex mb-2\">\n                            <div class=\"badge me-2 p-2 text-bg-primary\">\n                                17 February 2021                            <\/div>\n                                                                                                                    <div>\n                                                                            <span class=\"me-1 ms-1\">Radio<\/span>                                                                    <\/div>\n                                                    <\/div>\n                        <a href=\"https:\/\/www.985fm.ca\/audio\/372508\/martin-juneau?fbclid=IwAR1sXlJ64JJdy6dL8kv_7XfaRJVAc6t1x1hHpXEgEi9JMju7mXfrxi4IhnE\" target=\"_blank\" class=\"font-size-larger fw-bold\"><span>Pourquoi bannir les saveurs des produits du vapotage comme songe faire le gouvernement du Qu\u00e9bec.<\/span><\/a>\n                        <div class=\"small text-muted\">\n                            \n<p>Entrevue avec Patrick Lagac\u00e9 au 98.5 FM.<\/p>\n                        <\/div>\n                                                                    <\/div>\n                <\/li>\n                                            <li id=\"post-16073\" class=\"list-group-item mt-4 pb-4 post-16073 revue-de-presse type-revue-de-presse status-publish hentry types-de-media-presse-ecrite\">\n                    <div>\n                        <div class=\"align-items-center d-flex mb-2\">\n                            <div class=\"badge me-2 p-2 text-bg-primary\">\n                                12 February 2021                            <\/div>\n                                                                                                                    <div>\n                                                                            <span class=\"me-1 ms-1\">Presse \u00e9crite<\/span>                                                                    <\/div>\n                                                    <\/div>\n                        <a href=\"https:\/\/ici.radio-canada.ca\/sports\/podium\/1743\/dr-francois-simard-soccer-fc-barcelone-medecin?fromApp=appInfoIos&#038;fromMobileApp=ios&#038;partageApp=appInfoiOS&#038;accesVia=partage\" target=\"_blank\" class=\"font-size-larger fw-bold\"><span>Dr Fran\u00e7ois Simard \u2013 Au c\u0153ur du FC Barcelone.<\/span><\/a>\n                        <div class=\"small text-muted\">\n                            \n<p>Radio-Canada, propos recueillis par Christine Roger.<\/p>\n                        <\/div>\n                                                                    <\/div>\n                <\/li>\n                                            <li id=\"post-16074\" class=\"list-group-item mt-4 pb-4 post-16074 revue-de-presse type-revue-de-presse status-publish hentry types-de-media-television\">\n                    <div>\n                        <div class=\"align-items-center d-flex mb-2\">\n                            <div class=\"badge me-2 p-2 text-bg-primary\">\n                                12 February 2021                            <\/div>\n                                                                                                                    <div>\n                                                                            <span class=\"me-1 ms-1\">T\u00e9l\u00e9vision<\/span>                                                                    <\/div>\n                                                    <\/div>\n                        <a href=\"https:\/\/ici.radio-canada.ca\/tele\/le-telejournal-18h\/site\/segments\/reportage\/343325\/alcool-fevrier-sante\" target=\"_blank\" class=\"font-size-larger fw-bold\"><span>D\u00e9j\u00e0 presque \u00e0 mi-chemin dans le d\u00e9fi 28 jours sans alcool. Les bienfaits se font-ils sentir?<\/span><\/a>\n                        <div class=\"small text-muted\">\n                            \n<p>Entrevue avec Patrice Roy, Radio-Canada.<\/p>\n                        <\/div>\n                                                                    <\/div>\n                <\/li>\n                                            <li id=\"post-16075\" class=\"list-group-item mt-4 pb-4 post-16075 revue-de-presse type-revue-de-presse status-publish hentry types-de-media-radio\">\n                    <div>\n                        <div class=\"align-items-center d-flex mb-2\">\n                            <div class=\"badge me-2 p-2 text-bg-primary\">\n                                9 December 2020                            <\/div>\n                                                                                                                    <div>\n                                                                            <span class=\"me-1 ms-1\">Radio<\/span>                                                                    <\/div>\n                                                    <\/div>\n                        <a href=\"https:\/\/www.985fm.ca\/audio\/355821\/un-meilleur-encadrement-du-vapotage\" target=\"_blank\" class=\"font-size-larger fw-bold\"><span>Un meilleur encadrement du vapotage.<\/span><\/a>\n                        <div class=\"small text-muted\">\n                            \n<p>Entrevue avec Patrick Lagac\u00e9 au 98.5 FM.<\/p>\n                        <\/div>\n                                                                    <\/div>\n                <\/li>\n                                            <li id=\"post-16106\" class=\"list-group-item mt-4 pb-4 post-16106 revue-de-presse type-revue-de-presse status-publish hentry types-de-media-presse-ecrite\">\n                    <div>\n                        <div class=\"align-items-center d-flex mb-2\">\n                            <div class=\"badge me-2 p-2 text-bg-primary\">\n                                30 October 2020                            <\/div>\n                                                                                                                    <div>\n                                                                            <span class=\"me-1 ms-1\">Presse \u00e9crite<\/span>                                                                    <\/div>\n                                                    <\/div>\n                        <a href=\"https:\/\/www.lapresse.ca\/societe\/sante\/2020-10-30\/cesser-de-fumer-tot-reduirait-les-risques-cardiovasculaires.php\" target=\"_blank\" class=\"font-size-larger fw-bold\"><span>Cesser de fumer t\u00f4t r\u00e9duirait les risques cardiovasculaires.<\/span><\/a>\n                        <div class=\"small text-muted\">\n                            \n<p>Jean-Benoit Legault, La Presse Canadienne.<\/p>\n                        <\/div>\n                                                                    <\/div>\n                <\/li>\n                                            <li id=\"post-16107\" class=\"list-group-item mt-4 pb-4 post-16107 revue-de-presse type-revue-de-presse status-publish hentry types-de-media-internet\">\n                    <div>\n                        <div class=\"align-items-center d-flex mb-2\">\n                            <div class=\"badge me-2 p-2 text-bg-primary\">\n                                21 October 2020                            <\/div>\n                                                                                                                    <div>\n                                                                            <span class=\"me-1 ms-1\">Internet<\/span>                                                                    <\/div>\n                                                    <\/div>\n                        <a href=\"https:\/\/montougo.ca\/prevenir\/maladies-cardiovasculaires\/saines-habitudes-de-vie-vivre-mieux-plus-longtemps\/\" target=\"_blank\" class=\"font-size-larger fw-bold\"><span>Saines habitudes de vie: vivre mieux, plus longtemps.<\/span><\/a>\n                        <div class=\"small text-muted\">\n                            \n<p>Article sur TOUGO.<\/p>\n                        <\/div>\n                                                                    <\/div>\n                <\/li>\n                                            <li id=\"post-16108\" class=\"list-group-item mt-4 pb-4 post-16108 revue-de-presse type-revue-de-presse status-publish hentry types-de-media-presse-ecrite\">\n                    <div>\n                        <div class=\"align-items-center d-flex mb-2\">\n                            <div class=\"badge me-2 p-2 text-bg-primary\">\n                                3 September 2020                            <\/div>\n                                                                                                                    <div>\n                                                                            <span class=\"me-1 ms-1\">Presse \u00e9crite<\/span>                                                                    <\/div>\n                                                    <\/div>\n                        <a href=\"https:\/\/www.lapresse.ca\/societe\/sante\/2020-09-03\/le-stress-chronique-un-mauvais-cocktail-pour-le-coeur.php\" target=\"_blank\" class=\"font-size-larger fw-bold\"><span>Le stress chronique, un \u00abmauvais cocktail\u00bb pour le c\u0153ur.<\/span><\/a>\n                        <div class=\"small text-muted\">\n                            \n<p>Catherine Handfield, La Presse.<\/p>\n                        <\/div>\n                                                                    <\/div>\n                <\/li>\n                                            <li id=\"post-16109\" class=\"list-group-item mt-4 pb-4 post-16109 revue-de-presse type-revue-de-presse status-publish hentry types-de-media-internet\">\n                    <div>\n                        <div class=\"align-items-center d-flex mb-2\">\n                            <div class=\"badge me-2 p-2 text-bg-primary\">\n                                3 July 2020                            <\/div>\n                                                                                                                    <div>\n                                                                            <span class=\"me-1 ms-1\">Internet<\/span>                                                                    <\/div>\n                                                    <\/div>\n                        <a href=\"https:\/\/www.icm-mhi.org\/fr\/salle-presse\/nouvelles\/dr-martin-juneau-recoit-titre-cardiologue-emerite-2020-2021-lacq\" target=\"_blank\" class=\"font-size-larger fw-bold\"><span>Dr Martin Juneau\u00a0re\u00e7oit\u00a0le titre de cardiologue \u00e9m\u00e9rite 2020-2021 de l\u2019Association des cardiologues du Qu\u00e9bec.<\/span><\/a>\n                        <div class=\"small text-muted\">\n                                                    <\/div>\n                                                                    <\/div>\n                <\/li>\n                                            <li id=\"post-16076\" class=\"list-group-item mt-4 pb-4 post-16076 revue-de-presse type-revue-de-presse status-publish hentry types-de-media-television\">\n                    <div>\n                        <div class=\"align-items-center d-flex mb-2\">\n                            <div class=\"badge me-2 p-2 text-bg-primary\">\n                                19 May 2020                            <\/div>\n                                                                                                                    <div>\n                                                                            <span class=\"me-1 ms-1\">T\u00e9l\u00e9vision<\/span>                                                                    <\/div>\n                                                    <\/div>\n                        <a href=\"https:\/\/ici.radio-canada.ca\/rdi\/24-60\/site\/segments\/entrevue\/172736\/covid-19-coronavirus-hydroxychloroquine-donald-trump\" target=\"_blank\" class=\"font-size-larger fw-bold\"><span>Donald Trump met-il sa sant\u00e9 en danger? (chloroquine).<\/span><\/a>\n                        <div class=\"small text-muted\">\n                            \n<p>Entrevue avec Anne-Marie Dussault, ICI RDI.<\/p>\n                        <\/div>\n                                                                    <\/div>\n                <\/li>\n                                            <li id=\"post-16110\" class=\"list-group-item mt-4 pb-4 post-16110 revue-de-presse type-revue-de-presse status-publish hentry types-de-media-presse-ecrite\">\n                    <div>\n                        <div class=\"align-items-center d-flex mb-2\">\n                            <div class=\"badge me-2 p-2 text-bg-primary\">\n                                25 March 2020                            <\/div>\n                                                                                                                    <div>\n                                                                            <span class=\"me-1 ms-1\">Presse \u00e9crite<\/span>                                                                    <\/div>\n                                                    <\/div>\n                        <a href=\"https:\/\/www.journaldemontreal.com\/2020\/03\/25\/dr-martin-juneau--la-chloroquine-peut-provoquer-des-arrets-cardiaques\" target=\"_blank\" class=\"font-size-larger fw-bold\"><span>La chloroquine peut provoquer des arr\u00eats cardiaques.<\/span><\/a>\n                        <div class=\"small text-muted\">\n                            \n<p>Marie-Pier Cayer, Journal de Montr\u00e9al.<\/p>\n                        <\/div>\n                                                                    <\/div>\n                <\/li>\n                                            <li id=\"post-16111\" class=\"list-group-item mt-4 pb-4 post-16111 revue-de-presse type-revue-de-presse status-publish hentry types-de-media-presse-ecrite\">\n                    <div>\n                        <div class=\"align-items-center d-flex mb-2\">\n                            <div class=\"badge me-2 p-2 text-bg-primary\">\n                                21 January 2020                            <\/div>\n                                                                                                                    <div>\n                                                                            <span class=\"me-1 ms-1\">Presse \u00e9crite<\/span>                                                                    <\/div>\n                                                    <\/div>\n                        <a href=\"https:\/\/www.lapresse.ca\/societe\/sante\/2020-01-21\/attention-au-gras-abdominal-apres-une-crise-cardiaque\" target=\"_blank\" class=\"font-size-larger fw-bold\"><span>Attention au gras abdominal apr\u00e8s une crise cardiaque.<\/span><\/a>\n                        <div class=\"small text-muted\">\n                            \n<p>Jean-Benoit Legault, La Presse Canadienne.<\/p>\n                        <\/div>\n                                                                    <\/div>\n                <\/li>\n                                            <li id=\"post-16113\" class=\"list-group-item mt-4 pb-4 post-16113 revue-de-presse type-revue-de-presse status-publish hentry types-de-media-presse-ecrite\">\n                    <div>\n                        <div class=\"align-items-center d-flex mb-2\">\n                            <div class=\"badge me-2 p-2 text-bg-primary\">\n                                10 January 2020                            <\/div>\n                                                                                                                    <div>\n                                                                            <span class=\"me-1 ms-1\">Presse \u00e9crite<\/span>                                                                    <\/div>\n                                                    <\/div>\n                        <a href=\"https:\/\/www.journaldemontreal.com\/2020\/01\/10\/viser-le-bonheur-eviter-la-souffrance\" target=\"_blank\" class=\"font-size-larger fw-bold\"><span>Des recettes pour prendre soin de son coeur.<\/span><\/a>\n                        <div class=\"small text-muted\">\n                            \n<p>Paul Therrien Journal de Montr\u00e9al.<\/p>\n                        <\/div>\n                                                                    <\/div>\n                <\/li>\n                                            <li id=\"post-16078\" class=\"list-group-item mt-4 pb-4 post-16078 revue-de-presse type-revue-de-presse status-publish hentry types-de-media-internet\">\n                    <div>\n                        <div class=\"align-items-center d-flex mb-2\">\n                            <div class=\"badge me-2 p-2 text-bg-primary\">\n                                12 December 2019                            <\/div>\n                                                                                                                    <div>\n                                                                            <span class=\"me-1 ms-1\">Internet<\/span>                                                                    <\/div>\n                                                    <\/div>\n                        <a href=\"https:\/\/agroquebec.quebec\/budgets-agricoles-martin-juneau-cardiologue\/\" target=\"_blank\" class=\"font-size-larger fw-bold\"><span>Orienter les budgets agricoles vers les aliments sant\u00e9.<\/span><\/a>\n                        <div class=\"small text-muted\">\n                            \n<p>Entrevue avec Lionel Levac.<\/p>\n                        <\/div>\n                                                                    <\/div>\n                <\/li>\n                                            <li id=\"post-16077\" class=\"list-group-item mt-4 pb-4 post-16077 revue-de-presse type-revue-de-presse status-publish hentry types-de-media-internet\">\n                    <div>\n                        <div class=\"align-items-center d-flex mb-2\">\n                            <div class=\"badge me-2 p-2 text-bg-primary\">\n                                11 December 2019                            <\/div>\n                                                                                                                    <div>\n                                                                            <span class=\"me-1 ms-1\">Internet<\/span>                                                                    <\/div>\n                                                    <\/div>\n                        <a href=\"https:\/\/agroquebec.quebec\/plus-de-serres-legumes-frais-moins-de-problemes-martin-juneau-cardiologue\/\" target=\"_blank\" class=\"font-size-larger fw-bold\"><span>Plus de serres, plus de l\u00e9gumes frais, moins de probl\u00e8mes de sant\u00e9.<\/span><\/a>\n                        <div class=\"small text-muted\">\n                            \n<p>Entrevue avec Lionel Levac.<\/p>\n                        <\/div>\n                                                                    <\/div>\n                <\/li>\n                                            <li id=\"post-16082\" class=\"list-group-item mt-4 pb-4 post-16082 revue-de-presse type-revue-de-presse status-publish hentry types-de-media-radio\">\n                    <div>\n                        <div class=\"align-items-center d-flex mb-2\">\n                            <div class=\"badge me-2 p-2 text-bg-primary\">\n                                1 October 2019                            <\/div>\n                                                                                                                    <div>\n                                                                            <span class=\"me-1 ms-1\">Radio<\/span>                                                                    <\/div>\n                                                    <\/div>\n                        <a href=\"https:\/\/www.985fm.ca\/audio\/253630\/reexamen-de-dizaines-detudes-sur-la-consommation-de-viande-rouge-dr-martin-juneau-cardiologue-directeur-de-la-prevention-institut-de-cardiologie-de-montreal\" target=\"_blank\" class=\"font-size-larger fw-bold\"><span>R\u00e9examen de dizaines d\u2019\u00e9tudes sur la consommation de viande rouge.<\/span><\/a>\n                        <div class=\"small text-muted\">\n                            \n<p>Entrevue avec Paul Arcand au 98.5 FM.<\/p>\n                        <\/div>\n                                                                    <\/div>\n                <\/li>\n                                            <li id=\"post-16079\" class=\"list-group-item mt-4 pb-4 post-16079 revue-de-presse type-revue-de-presse status-publish hentry types-de-media-radio\">\n                    <div>\n                        <div class=\"align-items-center d-flex mb-2\">\n                            <div class=\"badge me-2 p-2 text-bg-primary\">\n                                23 September 2019                            <\/div>\n                                                                                                                    <div>\n                                                                            <span class=\"me-1 ms-1\">Radio<\/span>                                                                    <\/div>\n                                                    <\/div>\n                        <a href=\"https:\/\/ici.radio-canada.ca\/ohdio\/premiere\/emissions\/tout-un-matin\/segments\/entrevue\/135173\/defibrillateurs-marathon-montreal-arret-respiratoire-cardiovasculaire\" target=\"_blank\" class=\"font-size-larger fw-bold\"><span>Au marathon, les policiers devraient \u00eatre munis de d\u00e9fibrillateurs, selon le Dr Juneau.<\/span><\/a>\n                        <div class=\"small text-muted\">\n                            \n<p>Entrevue avec Patrick Masbourian, ICI Radio-Canada Premi\u00e8re.<\/p>\n                        <\/div>\n                                                                    <\/div>\n                <\/li>\n                                            <li id=\"post-16080\" class=\"list-group-item mt-4 pb-4 post-16080 revue-de-presse type-revue-de-presse status-publish hentry types-de-media-radio\">\n                    <div>\n                        <div class=\"align-items-center d-flex mb-2\">\n                            <div class=\"badge me-2 p-2 text-bg-primary\">\n                                25 May 2019                            <\/div>\n                                                                                                                    <div>\n                                                                            <span class=\"me-1 ms-1\">Radio<\/span>                                                                    <\/div>\n                                                    <\/div>\n                        <a href=\"https:\/\/www.985fm.ca\/nouvelles\/220762\/le-jeune-intermittent-bonne-ou-mauvaise-approche-pour-perdre-du-poids\" target=\"_blank\" class=\"font-size-larger fw-bold\"><span>Le je\u00fbne intermittent, bonne ou mauvaise approche pour perdre du poids?<\/span><\/a>\n                        <div class=\"small text-muted\">\n                            \n<p>Entrevue avec Marie-Jos\u00e9e Bri\u00e8re au 98.5 FM.<\/p>\n                        <\/div>\n                                                                    <\/div>\n                <\/li>\n                                            <li id=\"post-16115\" class=\"list-group-item mt-4 pb-4 post-16115 revue-de-presse type-revue-de-presse status-publish hentry types-de-media-presse-ecrite\">\n                    <div>\n                        <div class=\"align-items-center d-flex mb-2\">\n                            <div class=\"badge me-2 p-2 text-bg-primary\">\n                                23 April 2019                            <\/div>\n                                                                                                                    <div>\n                                                                            <span class=\"me-1 ms-1\">Presse \u00e9crite<\/span>                                                                    <\/div>\n                                                    <\/div>\n                        <a href=\"https:\/\/www.lapresse.ca\/societe\/sante\/2019-04-23\/rater-le-petit-dejeuner-nuit-il-au-coeur#\" target=\"_blank\" class=\"font-size-larger fw-bold\"><span>Rater le petit-d\u00e9jeuner nuit-il au c\u0153ur\u202f?<\/span><\/a>\n                        <div class=\"small text-muted\">\n                            \n<p>Jean-Benoit Legault, La Presse Canadienne<a rel=\"noreferrer noopener\" href=\"https:\/\/www.lapresse.ca\/societe\/sante\/2019-04-23\/rater-le-petit-dejeuner-nuit-il-au-coeur#\" target=\"_blank\">.<\/a><\/p>\n                        <\/div>\n                                                                    <\/div>\n                <\/li>\n                                            <li id=\"post-16081\" class=\"list-group-item mt-4 pb-4 post-16081 revue-de-presse type-revue-de-presse status-publish hentry types-de-media-television\">\n                    <div>\n                        <div class=\"align-items-center d-flex mb-2\">\n                            <div class=\"badge me-2 p-2 text-bg-primary\">\n                                5 February 2019                            <\/div>\n                                                                                                                    <div>\n                                                                            <span class=\"me-1 ms-1\">T\u00e9l\u00e9vision<\/span>                                                                    <\/div>\n                                                    <\/div>\n                        <a href=\"https:\/\/www.tvanouvelles.ca\/2019\/02\/05\/dejeuner-ou-ne-pas-dejeuner-pour-perdre-du-poids\" target=\"_blank\" class=\"font-size-larger fw-bold\"><span>D\u00e9jeuner ou ne pas d\u00e9jeuner pour perdre du poids?<\/span><\/a>\n                        <div class=\"small text-muted\">\n                            \n<p>Entrevue avec Mario Dumont \u00e0 TVA.<\/p>\n                        <\/div>\n                                                                    <\/div>\n                <\/li>\n                                            <li id=\"post-16083\" class=\"list-group-item mt-4 pb-4 post-16083 revue-de-presse type-revue-de-presse status-publish hentry types-de-media-television\">\n                    <div>\n                        <div class=\"align-items-center d-flex mb-2\">\n                            <div class=\"badge me-2 p-2 text-bg-primary\">\n                                7 January 2019                            <\/div>\n                                                                                                                    <div>\n                                                                            <span class=\"me-1 ms-1\">T\u00e9l\u00e9vision<\/span>                                                                    <\/div>\n                                                    <\/div>\n                        <a href=\"https:\/\/ici.radio-canada.ca\/info\/videos\/media-8023318\/jeuner-pour-maigrir-entrevue-avec-martin-juneau-institut-cardiologie-montreal\" target=\"_blank\" class=\"font-size-larger fw-bold\"><span>Je\u00fbner pour maigrir.<\/span><\/a>\n                        <div class=\"small text-muted\">\n                            \n<p>Entrevue avec Patrice Roy, Radio-Canada.<\/p>\n                        <\/div>\n                                                                    <\/div>\n                <\/li>\n                                            <li id=\"post-16084\" class=\"list-group-item mt-4 pb-4 post-16084 revue-de-presse type-revue-de-presse status-publish hentry types-de-media-television\">\n                    <div>\n                        <div class=\"align-items-center d-flex mb-2\">\n                            <div class=\"badge me-2 p-2 text-bg-primary\">\n                                16 November 2018                            <\/div>\n                                                                                                                    <div>\n                                                                            <span class=\"me-1 ms-1\">T\u00e9l\u00e9vision<\/span>                                                                    <\/div>\n                                                    <\/div>\n                        <a href=\"https:\/\/www.salutbonjour.ca\/2018\/11\/16\/tout-ce-que-vous-devez-savoir-sur-la-diete-cetogene\" target=\"_blank\" class=\"font-size-larger fw-bold\"><span>Tout ce que vous devez savoir sur la di\u00e8te c\u00e9tog\u00e8ne!<\/span><\/a>\n                        <div class=\"small text-muted\">\n                            \n<p>ntrevue avec Gino Chouinard, Salut Bonjour, TVA.<\/p>\n                        <\/div>\n                                                                    <\/div>\n                <\/li>\n                                            <li id=\"post-16085\" class=\"list-group-item mt-4 pb-4 post-16085 revue-de-presse type-revue-de-presse status-publish hentry types-de-media-television\">\n                    <div>\n                        <div class=\"align-items-center d-flex mb-2\">\n                            <div class=\"badge me-2 p-2 text-bg-primary\">\n                                13 November 2018                            <\/div>\n                                                                                                                    <div>\n                                                                            <span class=\"me-1 ms-1\">T\u00e9l\u00e9vision<\/span>                                                                    <\/div>\n                                                    <\/div>\n                        <a href=\"https:\/\/ici.radio-canada.ca\/tele\/le-telejournal-18h\/2016-2017\/segments\/reportage\/94756\/diete-cetogene-gras-entrevue-martin-juneau\" target=\"_blank\" class=\"font-size-larger fw-bold\"><span>L\u2019opinion d\u2019un cardiologue sur la di\u00e8te keto.<\/span><\/a>\n                        <div class=\"small text-muted\">\n                            \n<p>Entrevue avec Alexis De Lancer, Radio-Canada.<\/p>\n                        <\/div>\n                                                                    <\/div>\n                <\/li>\n                                            <li id=\"post-16086\" class=\"list-group-item mt-4 pb-4 post-16086 revue-de-presse type-revue-de-presse status-publish hentry types-de-media-radio\">\n                    <div>\n                        <div class=\"align-items-center d-flex mb-2\">\n                            <div class=\"badge me-2 p-2 text-bg-primary\">\n                                15 April 2018                            <\/div>\n                                                                                                                    <div>\n                                                                            <span class=\"me-1 ms-1\">Radio<\/span>                                                                    <\/div>\n                                                    <\/div>\n                        <a href=\"https:\/\/ici.radio-canada.ca\/ohdio\/premiere\/emissions\/dessine-moi-un-dimanche\/segments\/entrevue\/67843\/prevention-demence-declin-cognitif-martin-juneau\" target=\"_blank\" class=\"font-size-larger fw-bold\"><span>L\u2019exercice, votre plus grand alli\u00e9 pour pr\u00e9venir la d\u00e9mence.<\/span><\/a>\n                        <div class=\"small text-muted\">\n                            \n<p>Entrevue avec Franco Novo \u00e0 ICI Radio-Canada Premi\u00e8re.<\/p>\n                        <\/div>\n                                                                    <\/div>\n                <\/li>\n                                            <li id=\"post-16087\" class=\"list-group-item mt-4 pb-4 post-16087 revue-de-presse type-revue-de-presse status-publish hentry types-de-media-television\">\n                    <div>\n                        <div class=\"align-items-center d-flex mb-2\">\n                            <div class=\"badge me-2 p-2 text-bg-primary\">\n                                4 April 2018                            <\/div>\n                                                                                                                    <div>\n                                                                            <span class=\"me-1 ms-1\">T\u00e9l\u00e9vision<\/span>                                                                    <\/div>\n                                                    <\/div>\n                        <a href=\"https:\/\/ici.radio-canada.ca\/rdi\/24-60\/site\/segments\/entrevue\/66501\/boissons-sucrees-sante-taxe\" target=\"_blank\" class=\"font-size-larger fw-bold\"><span>Faut-il taxer les boissons sucr\u00e9es?<\/span><\/a>\n                        <div class=\"small text-muted\">\n                            \n<p>Entrevue avec Anne-Marie Dussault, ICI RDI.<\/p>\n                        <\/div>\n                                                                    <\/div>\n                <\/li>\n                                            <li id=\"post-16116\" class=\"list-group-item mt-4 pb-4 post-16116 revue-de-presse type-revue-de-presse status-publish hentry types-de-media-presse-ecrite\">\n                    <div>\n                        <div class=\"align-items-center d-flex mb-2\">\n                            <div class=\"badge me-2 p-2 text-bg-primary\">\n                                18 March 2018                            <\/div>\n                                                                                                                    <div>\n                                                                            <span class=\"me-1 ms-1\">Presse \u00e9crite<\/span>                                                                    <\/div>\n                                                    <\/div>\n                        <a href=\"https:\/\/ici.radio-canada.ca\/nouvelle\/1084279\/jeune-sante-diabete-cancer-longo-diete-cetogene-epilepsie-alzheimer\" target=\"_blank\" class=\"font-size-larger fw-bold\"><span>Je\u00fbner pour am\u00e9liorer votre sant\u00e9.<\/span><\/a>\n                        <div class=\"small text-muted\">\n                            \n<p>Bouchra Ouatik, D\u00e9couvertes , ICI Radio-Canada.<\/p>\n                        <\/div>\n                                                                    <\/div>\n                <\/li>\n                                            <li id=\"post-16117\" class=\"list-group-item mt-4 pb-4 post-16117 revue-de-presse type-revue-de-presse status-publish hentry types-de-media-presse-ecrite\">\n                    <div>\n                        <div class=\"align-items-center d-flex mb-2\">\n                            <div class=\"badge me-2 p-2 text-bg-primary\">\n                                21 January 2018                            <\/div>\n                                                                                                                    <div>\n                                                                            <span class=\"me-1 ms-1\">Presse \u00e9crite<\/span>                                                                    <\/div>\n                                                    <\/div>\n                        <a href=\"https:\/\/www.lapresse.ca\/vivre\/sante\/201801\/19\/01-5150740-tendances-sante-2018.php\" target=\"_blank\" class=\"font-size-larger fw-bold\"><span>Tendances sant\u00e9 2018.<\/span><\/a>\n                        <div class=\"small text-muted\">\n                            \n<p>Catherine Handfield, La Presse.<\/p>\n                        <\/div>\n                                                                    <\/div>\n                <\/li>\n                                            <li id=\"post-16088\" class=\"list-group-item mt-4 pb-4 post-16088 revue-de-presse type-revue-de-presse status-publish hentry types-de-media-radio\">\n                    <div>\n                        <div class=\"align-items-center d-flex mb-2\">\n                            <div class=\"badge me-2 p-2 text-bg-primary\">\n                                5 December 2017                            <\/div>\n                                                                                                                    <div>\n                                                                            <span class=\"me-1 ms-1\">Radio<\/span>                                                                    <\/div>\n                                                    <\/div>\n                        <a href=\"https:\/\/www.985fm.ca\/audio\/62094\/les-aliments-ultra-transformes-au-banc-des-accuses-entrevue-avec-dr-martin-juneau-cardiologue\" target=\"_blank\" class=\"font-size-larger fw-bold\"><span>Les aliments ultra-transform\u00e9s au banc des accus\u00e9s.<\/span><\/a>\n                        <div class=\"small text-muted\">\n                            \n<p>Entrevue avec Paul Arcand au 98.5 FM.<\/p>\n                        <\/div>\n                                                                    <\/div>\n                <\/li>\n                                            <li id=\"post-16118\" class=\"list-group-item mt-4 pb-4 post-16118 revue-de-presse type-revue-de-presse status-publish hentry types-de-media-presse-ecrite\">\n                    <div>\n                        <div class=\"align-items-center d-flex mb-2\">\n                            <div class=\"badge me-2 p-2 text-bg-primary\">\n                                17 March 2017                            <\/div>\n                                                                                                                    <div>\n                                                                            <span class=\"me-1 ms-1\">Presse \u00e9crite<\/span>                                                                    <\/div>\n                                                    <\/div>\n                        <a href=\"https:\/\/www.ledevoir.com\/opinion\/chroniques\/494179\/medecin-de-coeur\" target=\"_blank\" class=\"font-size-larger fw-bold\"><span>M\u00e9decin de coeur, la petite r\u00e9volution du Dr Juneau.<\/span><\/a>\n                        <div class=\"small text-muted\">\n                            \n<p>Jos\u00e9e Blanchette, LeDevoir.<\/p>\n                        <\/div>\n                                                                    <\/div>\n                <\/li>\n                                            <li id=\"post-16090\" class=\"list-group-item mt-4 pb-4 post-16090 revue-de-presse type-revue-de-presse status-publish hentry types-de-media-radio\">\n                    <div>\n                        <div class=\"align-items-center d-flex mb-2\">\n                            <div class=\"badge me-2 p-2 text-bg-primary\">\n                                12 March 2017                            <\/div>\n                                                                                                                    <div>\n                                                                            <span class=\"me-1 ms-1\">Radio<\/span>                                                                    <\/div>\n                                                    <\/div>\n                        <a href=\"https:\/\/ici.radio-canada.ca\/ohdio\/premiere\/emissions\/les-annees-lumiere\/episodes\/376539\/audio-fil-du-dimanche-12-mars-2017\" target=\"_blank\" class=\"font-size-larger fw-bold\"><span>L\u2019auteur des Ann\u00e9es lumi\u00e8re: Martin Juneau et \u00ab\u00a0Un coeur pour la vie\u00a0\u00bb.<\/span><\/a>\n                        <div class=\"small text-muted\">\n                            \n<p>Entrevue avec Yanick Villedieu, ICI Radio-Canada Premi\u00e8re.<\/p>\n                        <\/div>\n                                                                    <\/div>\n                <\/li>\n                                            <li id=\"post-16119\" class=\"list-group-item mt-4 pb-4 post-16119 revue-de-presse type-revue-de-presse status-publish hentry types-de-media-presse-ecrite\">\n                    <div>\n                        <div class=\"align-items-center d-flex mb-2\">\n                            <div class=\"badge me-2 p-2 text-bg-primary\">\n                                5 March 2017                            <\/div>\n                                                                                                                    <div>\n                                                                            <span class=\"me-1 ms-1\">Presse \u00e9crite<\/span>                                                                    <\/div>\n                                                    <\/div>\n                        <a href=\"https:\/\/plus.lapresse.ca\/screens\/2a7c920c-dc97-4e87-82bf-ef426c20610c__7C___0.html\" target=\"_blank\" class=\"font-size-larger fw-bold\"><span>Un coeur pour la vie.<\/span><\/a>\n                        <div class=\"small text-muted\">\n                            \n<p>Entrevue avec Evelyne Audet.<\/p>\n                        <\/div>\n                                                                    <\/div>\n                <\/li>\n                                            <li id=\"post-16091\" class=\"list-group-item mt-4 pb-4 post-16091 revue-de-presse type-revue-de-presse status-publish hentry types-de-media-radio\">\n                    <div>\n                        <div class=\"align-items-center d-flex mb-2\">\n                            <div class=\"badge me-2 p-2 text-bg-primary\">\n                                4 March 2017                            <\/div>\n                                                                                                                    <div>\n                                                                            <span class=\"me-1 ms-1\">Radio<\/span>                                                                    <\/div>\n                                                    <\/div>\n                        <a href=\"https:\/\/ici.radio-canada.ca\/ohdio\/premiere\/emissions\/on-n-est-pas-sorti-de-l-auberge\/episodes\/376034\/cabane-sucre-alimentation-legumes\" target=\"_blank\" class=\"font-size-larger fw-bold\"><span>Livre: Un coeur pour la vie.<\/span><\/a>\n                        <div class=\"small text-muted\">\n                            \n<p>Entrevue avec Francis Reddy, ICI Radio-Canada Premi\u00e8re.<\/p>\n                        <\/div>\n                                                                    <\/div>\n                <\/li>\n                                            <li id=\"post-16092\" class=\"list-group-item mt-4 pb-4 post-16092 revue-de-presse type-revue-de-presse status-publish hentry types-de-media-television\">\n                    <div>\n                        <div class=\"align-items-center d-flex mb-2\">\n                            <div class=\"badge me-2 p-2 text-bg-primary\">\n                                28 February 2017                            <\/div>\n                                                                                                                    <div>\n                                                                            <span class=\"me-1 ms-1\">T\u00e9l\u00e9vision<\/span>                                                                    <\/div>\n                                                    <\/div>\n                        <a href=\"https:\/\/ici.radio-canada.ca\/info\/videos\/media-7685612\/lobesite-un-probleme-de-societe&#038;editionRegionId=8&#038;radioRegionId=8&#038;televisionRegionId=8&#038;v5InternalEsi=true\" target=\"_blank\" class=\"font-size-larger fw-bold\"><span>L\u2019ob\u00e9sit\u00e9, v\u00e9ritable probl\u00e8me de soci\u00e9t\u00e9 qui peut m\u00eame mettre la vie des enfants en danger.<\/span><\/a>\n                        <div class=\"small text-muted\">\n                            \n<p>Entrevue avec Anne-Marie Dussault, ICI RDI.<\/p>\n                        <\/div>\n                                                                    <\/div>\n                <\/li>\n                                            <li id=\"post-16089\" class=\"list-group-item mt-4 pb-4 post-16089 revue-de-presse type-revue-de-presse status-publish hentry types-de-media-television\">\n                    <div>\n                        <div class=\"align-items-center d-flex mb-2\">\n                            <div class=\"badge me-2 p-2 text-bg-primary\">\n                                10 February 2017                            <\/div>\n                                                                                                                    <div>\n                                                                            <span class=\"me-1 ms-1\">T\u00e9l\u00e9vision<\/span>                                                                    <\/div>\n                                                    <\/div>\n                        <a href=\"https:\/\/ici.radio-canada.ca\/info\/videos\/media-7676692\/sucre-probleme-sante-publique\" target=\"_blank\" class=\"font-size-larger fw-bold\"><span>Le sucre, probl\u00e8me de sant\u00e9 publique.<\/span><\/a>\n                        <div class=\"small text-muted\">\n                            \n<p>Entrevue avec le Dr Martin Juneau \u2013 Patrice Roy, Radio-Canada.<\/p>\n                        <\/div>\n                                                                    <\/div>\n                <\/li>\n                                            <li id=\"post-16120\" class=\"list-group-item mt-4 pb-4 post-16120 revue-de-presse type-revue-de-presse status-publish hentry types-de-media-internet\">\n                    <div>\n                        <div class=\"align-items-center d-flex mb-2\">\n                            <div class=\"badge me-2 p-2 text-bg-primary\">\n                                5 October 2015                            <\/div>\n                                                                                                                    <div>\n                                                                            <span class=\"me-1 ms-1\">Internet<\/span>                                                                    <\/div>\n                                                    <\/div>\n                        <a href=\"https:\/\/www.aspq.org\/interdire-la-vente-de-boissons-energisantes-aux-mineurs-une-idee-saugrenue\/\" target=\"_blank\" class=\"font-size-larger fw-bold\"><span>Interdire la vente de boissons \u00e9nergisantes aux mineurs, une id\u00e9e saugrenue?<\/span><\/a>\n                        <div class=\"small text-muted\">\n                            \n<p>Lettre ouverte co-sign\u00e9e par le Dr Juneau.<\/p>\n                        <\/div>\n                                                                    <\/div>\n                <\/li>\n                                            <li id=\"post-16093\" class=\"list-group-item mt-4 pb-4 post-16093 revue-de-presse type-revue-de-presse status-publish hentry types-de-media-television\">\n                    <div>\n                        <div class=\"align-items-center d-flex mb-2\">\n                            <div class=\"badge me-2 p-2 text-bg-primary\">\n                                28 April 2014                            <\/div>\n                                                                                                                    <div>\n                                                                            <span class=\"me-1 ms-1\">T\u00e9l\u00e9vision<\/span>                                                                    <\/div>\n                                                    <\/div>\n                        <a href=\"https:\/\/ici.radio-canada.ca\/info\/videos\/media-7073152\/un-rapport-sur-lobesite-qui-fait-polemique\" target=\"_blank\" class=\"font-size-larger fw-bold\"><span>Un rapport sur l\u2019ob\u00e9sit\u00e9 qui fait pol\u00e9mique.<\/span><\/a>\n                        <div class=\"small text-muted\">\n                            \n<p>Entrevue avec Anne-Marie Dussault, ICI RDI.<\/p>\n                        <\/div>\n                                                                    <\/div>\n                <\/li>\n                                            <li id=\"post-16121\" class=\"list-group-item mt-4 pb-4 post-16121 revue-de-presse type-revue-de-presse status-publish hentry types-de-media-presse-ecrite\">\n                    <div>\n                        <div class=\"align-items-center d-flex mb-2\">\n                            <div class=\"badge me-2 p-2 text-bg-primary\">\n                                1 November 2011                            <\/div>\n                                                                                                                    <div>\n                                                                            <span class=\"me-1 ms-1\">Presse \u00e9crite<\/span>                                                                    <\/div>\n                                                    <\/div>\n                        <a href=\"https:\/\/www.lapresse.ca\/actualites\/regional\/personnalites-la-presse\/201111\/01\/01-4463413-le-docteur-martin-juneau.php\" target=\"_blank\" class=\"font-size-larger fw-bold\"><span>Personnalit\u00e9 de la semaine.<\/span><\/a>\n                        <div class=\"small text-muted\">\n                            \n<p>La Presse et Radio-Canada.<\/p>\n                        <\/div>\n                                                                    <\/div>\n                <\/li>\n                                            <li id=\"post-16122\" class=\"list-group-item mt-4 pb-4 post-16122 revue-de-presse type-revue-de-presse status-publish hentry types-de-media-revue\">\n                    <div>\n                        <div class=\"align-items-center d-flex mb-2\">\n                            <div class=\"badge me-2 p-2 text-bg-primary\">\n                                1 October 2011                            <\/div>\n                                                                                                                    <div>\n                                                                            <span class=\"me-1 ms-1\">Revue<\/span>                                                                    <\/div>\n                                                    <\/div>\n                        <a href=\"https:\/\/www.medecinsfrancophones.ca\/sites\/www.medecinsfrancophones.ca\/wp-content\/\/uploads\/2020\/07\/Prix-du-m%C3%A9rite-2011_Juneau-Martin.pdf\" target=\"_blank\" class=\"font-size-larger fw-bold\"><span>Prix du m\u00e9rite 2011 de l\u2019organisation des M\u00e9decins francophones du Canada.<\/span><\/a>\n                        <div class=\"small text-muted\">\n                                                    <\/div>\n                                                                    <\/div>\n                <\/li>\n                                <\/ul>\n    <\/section>","protected":false},"excerpt":{"rendered":"<p>Medias<\/p>\n","protected":false},"author":1,"featured_media":0,"parent":0,"menu_order":0,"comment_status":"closed","ping_status":"closed","template":"","meta":{"_acf_changed":false,"footnotes":""},"coauthors":[],"class_list":["post-16127","page","type-page","status-publish","hentry"],"acf":[],"yoast_head":"<!-- This site is optimized with the Yoast SEO plugin v27.4 - https:\/\/yoast.com\/product\/yoast-seo-wordpress\/ -->\n<title>Medias | Prevention Observatory of the Montreal Heart Institute<\/title>\n<meta name=\"robots\" content=\"index, follow, max-snippet:-1, max-image-preview:large, max-video-preview:-1\" \/>\n<link rel=\"canonical\" href=\"https:\/\/observatoireprevention.org\/en\/medias\/\" \/>\n<meta property=\"og:locale\" content=\"en_US\" \/>\n<meta property=\"og:type\" content=\"article\" \/>\n<meta property=\"og:title\" content=\"Medias | Prevention Observatory of the Montreal Heart Institute\" \/>\n<meta property=\"og:description\" content=\"Medias\" \/>\n<meta property=\"og:url\" content=\"https:\/\/observatoireprevention.org\/en\/medias\/\" \/>\n<meta property=\"og:site_name\" content=\"Prevention Observatory of the Montreal Heart Institute\" \/>\n<meta property=\"article:publisher\" content=\"https:\/\/www.facebook.com\/drjuneau\/\" \/>\n<meta property=\"article:modified_time\" content=\"2023-06-22T00:47:56+00:00\" \/>\n<meta name=\"twitter:card\" content=\"summary_large_image\" \/>\n<meta name=\"twitter:site\" content=\"@PreventionICM\" \/>\n<meta name=\"twitter:label1\" content=\"Written by\" \/>\n\t<meta name=\"twitter:data1\" content=\"Bor\u00e9alis D\u00e9veloppement Inc.\" \/>\n<script type=\"application\/ld+json\" class=\"yoast-schema-graph\">{\"@context\":\"https:\\\/\\\/schema.org\",\"@graph\":[{\"@type\":\"WebPage\",\"@id\":\"https:\\\/\\\/observatoireprevention.org\\\/en\\\/medias\\\/\",\"url\":\"https:\\\/\\\/observatoireprevention.org\\\/en\\\/medias\\\/\",\"name\":\"Medias | Prevention Observatory of the Montreal Heart Institute\",\"isPartOf\":{\"@id\":\"https:\\\/\\\/observatoireprevention.org\\\/en\\\/#website\"},\"datePublished\":\"2023-06-22T00:47:54+00:00\",\"dateModified\":\"2023-06-22T00:47:56+00:00\",\"breadcrumb\":{\"@id\":\"https:\\\/\\\/observatoireprevention.org\\\/en\\\/medias\\\/#breadcrumb\"},\"inLanguage\":\"en-CA\",\"potentialAction\":[{\"@type\":\"ReadAction\",\"target\":[\"https:\\\/\\\/observatoireprevention.org\\\/en\\\/medias\\\/\"]}]},{\"@type\":\"BreadcrumbList\",\"@id\":\"https:\\\/\\\/observatoireprevention.org\\\/en\\\/medias\\\/#breadcrumb\",\"itemListElement\":[{\"@type\":\"ListItem\",\"position\":1,\"name\":\"Accueil\",\"item\":\"https:\\\/\\\/observatoireprevention.org\\\/en\\\/\"},{\"@type\":\"ListItem\",\"position\":2,\"name\":\"Medias\"}]},{\"@type\":\"WebSite\",\"@id\":\"https:\\\/\\\/observatoireprevention.org\\\/en\\\/#website\",\"url\":\"https:\\\/\\\/observatoireprevention.org\\\/en\\\/\",\"name\":\"Observatoire de la pr\u00e9vention de l'Institut de Cardiologie de Montr\u00e9al\",\"description\":\"Promote the prevention of cardiovascular diseases to extend healthy life expectancy.\",\"publisher\":{\"@id\":\"https:\\\/\\\/observatoireprevention.org\\\/en\\\/#organization\"},\"potentialAction\":[{\"@type\":\"SearchAction\",\"target\":{\"@type\":\"EntryPoint\",\"urlTemplate\":\"https:\\\/\\\/observatoireprevention.org\\\/en\\\/?s={search_term_string}\"},\"query-input\":{\"@type\":\"PropertyValueSpecification\",\"valueRequired\":true,\"valueName\":\"search_term_string\"}}],\"inLanguage\":\"en-CA\"},{\"@type\":\"Organization\",\"@id\":\"https:\\\/\\\/observatoireprevention.org\\\/en\\\/#organization\",\"name\":\"Prevention Observatory of the Montreal Heart Institute\",\"url\":\"https:\\\/\\\/observatoireprevention.org\\\/en\\\/\",\"logo\":{\"@type\":\"ImageObject\",\"inLanguage\":\"en-CA\",\"@id\":\"https:\\\/\\\/observatoireprevention.org\\\/en\\\/#\\\/schema\\\/logo\\\/image\\\/\",\"url\":\"https:\\\/\\\/observatoireprevention.org\\\/wp-content\\\/uploads\\\/2026\\\/04\\\/logo-admin.png\",\"contentUrl\":\"https:\\\/\\\/observatoireprevention.org\\\/wp-content\\\/uploads\\\/2026\\\/04\\\/logo-admin.png\",\"width\":500,\"height\":69,\"caption\":\"Prevention Observatory of the Montreal Heart Institute\"},\"image\":{\"@id\":\"https:\\\/\\\/observatoireprevention.org\\\/en\\\/#\\\/schema\\\/logo\\\/image\\\/\"},\"sameAs\":[\"https:\\\/\\\/www.facebook.com\\\/drjuneau\\\/\",\"https:\\\/\\\/x.com\\\/PreventionICM\",\"https:\\\/\\\/www.linkedin.com\\\/company\\\/observatoire-de-la-prvention-de-linstitut-de-cardiologie-de-montral\\\/\"]}]}<\/script>\n<!-- \/ Yoast SEO plugin. -->","yoast_head_json":{"title":"Medias | Prevention Observatory of the Montreal Heart Institute","robots":{"index":"index","follow":"follow","max-snippet":"max-snippet:-1","max-image-preview":"max-image-preview:large","max-video-preview":"max-video-preview:-1"},"canonical":"https:\/\/observatoireprevention.org\/en\/medias\/","og_locale":"en_US","og_type":"article","og_title":"Medias | Prevention Observatory of the Montreal Heart Institute","og_description":"Medias","og_url":"https:\/\/observatoireprevention.org\/en\/medias\/","og_site_name":"Prevention Observatory of the Montreal Heart Institute","article_publisher":"https:\/\/www.facebook.com\/drjuneau\/","article_modified_time":"2023-06-22T00:47:56+00:00","twitter_card":"summary_large_image","twitter_site":"@PreventionICM","twitter_misc":{"Written by":"Bor\u00e9alis D\u00e9veloppement Inc."},"schema":{"@context":"https:\/\/schema.org","@graph":[{"@type":"WebPage","@id":"https:\/\/observatoireprevention.org\/en\/medias\/","url":"https:\/\/observatoireprevention.org\/en\/medias\/","name":"Medias | Prevention Observatory of the Montreal Heart Institute","isPartOf":{"@id":"https:\/\/observatoireprevention.org\/en\/#website"},"datePublished":"2023-06-22T00:47:54+00:00","dateModified":"2023-06-22T00:47:56+00:00","breadcrumb":{"@id":"https:\/\/observatoireprevention.org\/en\/medias\/#breadcrumb"},"inLanguage":"en-CA","potentialAction":[{"@type":"ReadAction","target":["https:\/\/observatoireprevention.org\/en\/medias\/"]}]},{"@type":"BreadcrumbList","@id":"https:\/\/observatoireprevention.org\/en\/medias\/#breadcrumb","itemListElement":[{"@type":"ListItem","position":1,"name":"Accueil","item":"https:\/\/observatoireprevention.org\/en\/"},{"@type":"ListItem","position":2,"name":"Medias"}]},{"@type":"WebSite","@id":"https:\/\/observatoireprevention.org\/en\/#website","url":"https:\/\/observatoireprevention.org\/en\/","name":"Observatoire de la pr\u00e9vention de l'Institut de Cardiologie de Montr\u00e9al","description":"Promote the prevention of cardiovascular diseases to extend healthy life expectancy.","publisher":{"@id":"https:\/\/observatoireprevention.org\/en\/#organization"},"potentialAction":[{"@type":"SearchAction","target":{"@type":"EntryPoint","urlTemplate":"https:\/\/observatoireprevention.org\/en\/?s={search_term_string}"},"query-input":{"@type":"PropertyValueSpecification","valueRequired":true,"valueName":"search_term_string"}}],"inLanguage":"en-CA"},{"@type":"Organization","@id":"https:\/\/observatoireprevention.org\/en\/#organization","name":"Prevention Observatory of the Montreal Heart Institute","url":"https:\/\/observatoireprevention.org\/en\/","logo":{"@type":"ImageObject","inLanguage":"en-CA","@id":"https:\/\/observatoireprevention.org\/en\/#\/schema\/logo\/image\/","url":"https:\/\/observatoireprevention.org\/wp-content\/uploads\/2026\/04\/logo-admin.png","contentUrl":"https:\/\/observatoireprevention.org\/wp-content\/uploads\/2026\/04\/logo-admin.png","width":500,"height":69,"caption":"Prevention Observatory of the Montreal Heart Institute"},"image":{"@id":"https:\/\/observatoireprevention.org\/en\/#\/schema\/logo\/image\/"},"sameAs":["https:\/\/www.facebook.com\/drjuneau\/","https:\/\/x.com\/PreventionICM","https:\/\/www.linkedin.com\/company\/observatoire-de-la-prvention-de-linstitut-de-cardiologie-de-montral\/"]}]}},"_links":{"self":[{"href":"https:\/\/observatoireprevention.org\/en\/wp-json\/wp\/v2\/pages\/16127","targetHints":{"allow":["GET"]}}],"collection":[{"href":"https:\/\/observatoireprevention.org\/en\/wp-json\/wp\/v2\/pages"}],"about":[{"href":"https:\/\/observatoireprevention.org\/en\/wp-json\/wp\/v2\/types\/page"}],"author":[{"embeddable":true,"href":"https:\/\/observatoireprevention.org\/en\/wp-json\/wp\/v2\/users\/1"}],"replies":[{"embeddable":true,"href":"https:\/\/observatoireprevention.org\/en\/wp-json\/wp\/v2\/comments?post=16127"}],"version-history":[{"count":0,"href":"https:\/\/observatoireprevention.org\/en\/wp-json\/wp\/v2\/pages\/16127\/revisions"}],"wp:attachment":[{"href":"https:\/\/observatoireprevention.org\/en\/wp-json\/wp\/v2\/media?parent=16127"}],"wp:term":[{"taxonomy":"author","embeddable":true,"href":"https:\/\/observatoireprevention.org\/en\/wp-json\/wp\/v2\/coauthors?post=16127"}],"curies":[{"name":"wp","href":"https:\/\/api.w.org\/{rel}","templated":true}]}}